{"id":104,"date":"2025-06-05T10:47:49","date_gmt":"2025-06-05T14:47:49","guid":{"rendered":"https:\/\/humanidades.uprrp.edu\/vivelashumanidades\/?page_id=104"},"modified":"2026-04-11T16:29:50","modified_gmt":"2026-04-11T20:29:50","slug":"alliance-francaise-de-porto-rico","status":"publish","type":"page","link":"https:\/\/humanidades.uprrp.edu\/vivelashumanidades\/alliance-francaise-de-porto-rico\/","title":{"rendered":"Alliance Fran\u00e7aise de Porto Rico"},"content":{"rendered":"<div class=\"wp-block-image\">\n<figure class=\"aligncenter size-full is-resized\"><a href=\"https:\/\/afpuertorico.org\/\"><img fetchpriority=\"high\" decoding=\"async\" width=\"673\" height=\"241\" src=\"https:\/\/humanidades.uprrp.edu\/vivelashumanidades\/wp-content\/uploads\/sites\/15\/2025\/06\/image001.png\" alt=\"\" class=\"wp-image-178\" style=\"width:413px;height:auto\" srcset=\"https:\/\/humanidades.uprrp.edu\/vivelashumanidades\/wp-content\/uploads\/sites\/15\/2025\/06\/image001.png 673w, https:\/\/humanidades.uprrp.edu\/vivelashumanidades\/wp-content\/uploads\/sites\/15\/2025\/06\/image001-300x107.png 300w, https:\/\/humanidades.uprrp.edu\/vivelashumanidades\/wp-content\/uploads\/sites\/15\/2025\/06\/image001-332x119.png 332w, https:\/\/humanidades.uprrp.edu\/vivelashumanidades\/wp-content\/uploads\/sites\/15\/2025\/06\/image001-600x215.png 600w\" sizes=\"(max-width: 673px) 100vw, 673px\" \/><\/a><\/figure>\n<\/div>\n\n\n<p>La Alliance Fran\u00e7aise de Puerto Rico es una instituci\u00f3n sin fines de lucro cuya misi\u00f3n consiste en difundir el idioma franc\u00e9s, promover la cultura francesa y las culturas franc\u00f3fonas, y fomentar la diversidad cultural.<\/p>\n\n\n\n<p>La Alliance Fran\u00e7aise de Porto Rico propone dos tipos de experiencias:<\/p>\n\n\n\n<p><em><strong>Ense\u00f1anza del franc\u00e9s como lengua extranjera (FLE) a p\u00fablico de ni\u00f1os y adolescentes (K-12)<\/strong><\/em><\/p>\n\n\n\n<ul class=\"wp-block-list\">\n<li>Estudiante con concentraci\u00f3n en franc\u00e9s (idealmente) para una pr\u00e1ctica orientada a la ense\u00f1anza del FLE a p\u00fablico de ni\u00f1os y adolescentes (K-12).<\/li>\n\n\n\n<li>Nivel B2 en franc\u00e9s.<\/li>\n\n\n\n<li>Se apreciar\u00eda alguna experiencia previa y afinidad con las edades mencionadas.<\/li>\n\n\n\n<li>La experiencia incluir\u00e1: o observaci\u00f3n de clases y asistencia a los docentes en cursos de distintos niveles que la Alianza Francesa ofrece a esa poblaci\u00f3n, o familiarizaci\u00f3n con libros de ense\u00f1anza de FLE y niveles del Marco Com\u00fan Europeo de Referencia para Idiomas.<\/li>\n\n\n\n<li>Parte del adiestramiento antes mencionado se har\u00e1 mediante el programa de tutor\u00eda de nuestra instituci\u00f3n.<\/li>\n\n\n\n<li>El practicante podr\u00eda asistir a la creaci\u00f3n de material pedag\u00f3gico en el marco de alg\u00fan curr\u00edculo y participar en la animaci\u00f3n de eventos culturales.<\/li>\n\n\n\n<li>El candidato debe tener destrezas de docencia, buen contacto con p\u00fablico joven, comunicaci\u00f3n eficiente, buena capacidad de autonom\u00eda y facilidad para trabajar en un equipo multicultural.<\/li>\n<\/ul>\n\n\n\n<p><em><strong>Ense\u00f1anza del franc\u00e9s como lengua extranjera (FLE) a p\u00fablico adulto<\/strong><\/em><\/p>\n\n\n\n<ul class=\"wp-block-list\">\n<li>Estudiante con concentraci\u00f3n en franc\u00e9s (idealmente) para una pr\u00e1ctica orientada a la ense\u00f1anza del FLE a p\u00fablico adulto.<\/li>\n\n\n\n<li>Tambi\u00e9n se podr\u00e1n evaluar candidaturas que presenten italiano<\/li>\n\n\n\n<li>Nivel B2 en franc\u00e9s.<\/li>\n\n\n\n<li>La experiencia incluir\u00e1:\n<ul class=\"wp-block-list\">\n<li>observaci\u00f3n de clases y asistencia a los docentes en cursos de distintos niveles que ofrece la Alianza Francesa a esa poblaci\u00f3n,<\/li>\n\n\n\n<li>familiarizaci\u00f3n con libros de ense\u00f1anza de FLE y niveles del Marco Com\u00fan Europeo de Referencia para Idiomas.<\/li>\n<\/ul>\n<\/li>\n\n\n\n<li>Parte del adiestramiento antes mencionado se har\u00e1 mediante el programa de tutor\u00eda de nuestra instituci\u00f3n.<\/li>\n\n\n\n<li>El practicante podr\u00e1 asistir a la creaci\u00f3n de material pedag\u00f3gico en el marco de alg\u00fan curr\u00edculo y participar en la animaci\u00f3n de eventos culturales.<\/li>\n\n\n\n<li>El candidato debe tener destrezas de docencia, buen contacto con p\u00fablico joven, comunicaci\u00f3n eficiente, buena capacidad de autonom\u00eda y facilidad para trabajar en un equipo multicultural.<\/li>\n<\/ul>\n","protected":false},"excerpt":{"rendered":"<p>La Alliance Fran\u00e7aise de Puerto Rico es una instituci\u00f3n sin fines de lucro cuya misi\u00f3n consiste en difundir el idioma franc\u00e9s, promover la cultura francesa y las culturas franc\u00f3fonas, y fomentar la diversidad cultural. La Alliance Fran\u00e7aise de Porto Rico propone dos tipos de experiencias: Ense\u00f1anza del franc\u00e9s como lengua &#8230;<\/p>\n","protected":false},"author":2,"featured_media":0,"parent":0,"menu_order":0,"comment_status":"closed","ping_status":"closed","template":"","meta":{"_eb_attr":"","_monsterinsights_skip_tracking":false,"_monsterinsights_sitenote_active":false,"_monsterinsights_sitenote_note":"","_monsterinsights_sitenote_category":0,"footnotes":""},"class_list":["post-104","page","type-page","status-publish","hentry","column","twocol"],"_links":{"self":[{"href":"https:\/\/humanidades.uprrp.edu\/vivelashumanidades\/wp-json\/wp\/v2\/pages\/104","targetHints":{"allow":["GET"]}}],"collection":[{"href":"https:\/\/humanidades.uprrp.edu\/vivelashumanidades\/wp-json\/wp\/v2\/pages"}],"about":[{"href":"https:\/\/humanidades.uprrp.edu\/vivelashumanidades\/wp-json\/wp\/v2\/types\/page"}],"author":[{"embeddable":true,"href":"https:\/\/humanidades.uprrp.edu\/vivelashumanidades\/wp-json\/wp\/v2\/users\/2"}],"replies":[{"embeddable":true,"href":"https:\/\/humanidades.uprrp.edu\/vivelashumanidades\/wp-json\/wp\/v2\/comments?post=104"}],"version-history":[{"count":5,"href":"https:\/\/humanidades.uprrp.edu\/vivelashumanidades\/wp-json\/wp\/v2\/pages\/104\/revisions"}],"predecessor-version":[{"id":380,"href":"https:\/\/humanidades.uprrp.edu\/vivelashumanidades\/wp-json\/wp\/v2\/pages\/104\/revisions\/380"}],"wp:attachment":[{"href":"https:\/\/humanidades.uprrp.edu\/vivelashumanidades\/wp-json\/wp\/v2\/media?parent=104"}],"curies":[{"name":"wp","href":"https:\/\/api.w.org\/{rel}","templated":true}]}}