{"id":3248,"date":"2020-11-20T17:45:28","date_gmt":"2020-11-20T21:45:28","guid":{"rendered":"http:\/\/humanidades.uprrp.edu\/visiondoble\/?page_id=3248"},"modified":"2025-10-15T13:17:43","modified_gmt":"2025-10-15T17:17:43","slug":"archivo-2017","status":"publish","type":"page","link":"https:\/\/humanidades.uprrp.edu\/visiondoble\/archivo-2017\/","title":{"rendered":"Archivo 2017"},"content":{"rendered":"\n<h3 class=\"accordion_title\">Archivo 2017<\/h3><div class=\"accordion\" rel=\"\">\n\n<div class=\"accordion-item\"><a href=\"#\" class=\"accordion-title plain\"><button class=\"toggle\"><i class=\"icon-angle-down\"><\/i><\/button><span>Enero<\/span><\/a><div class=\"accordion-inner\">\n\n<p><a href=\"https:\/\/humanidades.uprrp.edu\/visiondoble\/?p=5366\"><strong>Language Games: Perderse en traducciones es una sensaci\u00f3n de otredad<\/strong> \/ Yazm\u00edn Crespo Claudio<\/a><\/p>\n<p><a href=\"https:\/\/humanidades.uprrp.edu\/visiondoble\/?p=5377\"><strong>Language Games: Getting Lost in Translation is a Feeling of Otherness<\/strong> \/ Yazm\u00edn Crespo Claudio<\/a><\/p>\n<p><a href=\"https:\/\/humanidades.uprrp.edu\/visiondoble\/?p=5381\"><strong>Sala de emergencia betanciana de S. Damary Burgos<\/strong> \/ Adl\u00edn R\u00edos Rigau<\/a><\/p>\n<p><a href=\"https:\/\/humanidades.uprrp.edu\/visiondoble\/?p=5341\"><strong>Trabaje duro<\/strong> \/ Emilia Qui\u00f1ones Otal<\/a><\/p>\n\n<\/div><\/div>\n<div class=\"accordion-item\"><a href=\"#\" class=\"accordion-title plain\"><button class=\"toggle\"><i class=\"icon-angle-down\"><\/i><\/button><span>Febrero<\/span><\/a><div class=\"accordion-inner\">\n\n<p><a href=\"https:\/\/humanidades.uprrp.edu\/visiondoble\/?p=5399\"><strong>Contempor\u00e1neos: un mano a mano<\/strong> \/ Lilliana Ramos Collado<\/a><\/p>\n<p><a href=\"https:\/\/humanidades.uprrp.edu\/visiondoble\/?s=Tan+sagrado+como+profano\"><strong>Tan sagrado como profano: Cristina Lucas en el Museo de Arte Contempor\u00e1neo de Puerto Rico<\/strong> \/ Rosario Romero<\/a><\/p>\n<p><a href=\"https:\/\/humanidades.uprrp.edu\/visiondoble\/?s=El+poder+del+retrato\"><strong>El poder del retrato<\/strong> \/ Gretchen Ruiz Ramos<\/a><\/p>\n<p><a href=\"https:\/\/humanidades.uprrp.edu\/visiondoble\/?p=5404\"><strong>El arte es mi trinchera: conversando con Emanuel Torres<\/strong> \/ Dianne Br\u00e1s Feliciano<\/a><\/p>\n<p><a href=\"https:\/\/humanidades.uprrp.edu\/visiondoble\/?p=5416\"><strong>Entre reinos<\/strong> \/ Sabrina Ramos<\/a><\/p>\n\n<\/div><\/div>\n<div class=\"accordion-item\"><a href=\"#\" class=\"accordion-title plain\"><button class=\"toggle\"><i class=\"icon-angle-down\"><\/i><\/button><span>Marzo<\/span><\/a><div class=\"accordion-inner\">\n\n<p><a href=\"https:\/\/humanidades.uprrp.edu\/visiondoble\/?s=sacred\"><strong>Both Sacred and Profane: Cristina Lucas at The Museo de Arte Contempor\u00e1neo de Puerto Rico<\/strong> \/ Rosario Romero<\/a><\/p>\n\n<\/div><\/div>\n<div class=\"accordion-item\"><a href=\"#\" class=\"accordion-title plain\"><button class=\"toggle\"><i class=\"icon-angle-down\"><\/i><\/button><span>Abril<\/span><\/a><div class=\"accordion-inner\">\n\n<p><a href=\"https:\/\/humanidades.uprrp.edu\/visiondoble\/?p=5440\"><strong>A vueltas con Vel\u00e1zquez y Manet: la parodia como metapintura<\/strong> \/ Rafael Jackson<\/a><\/p>\n<p><a href=\"https:\/\/humanidades.uprrp.edu\/visiondoble\/?p=5446\"><strong>Alison Daubercies: la naturaleza del sentido<\/strong> \/ Rub\u00e9n Alejandro Moreira<\/a><\/p>\n<p><a href=\"https:\/\/humanidades.uprrp.edu\/visiondoble\/?p=5453\"><strong>M\u00e1s all\u00e1 de la belleza<\/strong> \/ Rosario Romero<\/a><\/p>\n<p><a href=\"https:\/\/humanidades.uprrp.edu\/visiondoble\/?p=5457\"><strong>Museo: espacio y memoria<\/strong> \/ H\u00e9ctor Balvanera Alfaro<\/a><\/p>\n<p><a href=\"https:\/\/humanidades.uprrp.edu\/visiondoble\/?p=5449\"><strong>Apuntes finiseculares: Juan Acha y la postmodernidad<\/strong> \/ Dagmary Ol\u00edvar<\/a><\/p>\n<p><a href=\"https:\/\/humanidades.uprrp.edu\/visiondoble\/?p=5461\"><strong>T\u00f3tem tel\u00farico, veinticinco a\u00f1os despu\u00e9s: una entrevista a Jaime Su\u00e1rez<\/strong> \/ Daniel Exp\u00f3sito<\/a><\/p>\n\n<\/div><\/div>\n<div class=\"accordion-item\"><a href=\"#\" class=\"accordion-title plain\"><button class=\"toggle\"><i class=\"icon-angle-down\"><\/i><\/button><span>Mayo<\/span><\/a><div class=\"accordion-inner\">\n\n<p><strong><a href=\"https:\/\/humanidades.uprrp.edu\/visiondoble\/?p=5486\">Mala yerba: #tropicaleo y Puerto Rico \/ Elsa Mel\u00e9ndez<\/a><\/strong><\/p>\n<p><strong><a href=\"https:\/\/humanidades.uprrp.edu\/visiondoble\/?p=5497\">Alegor\u00edas de la materia \/ Lilliana Ramos Collado<\/a><\/strong><\/p>\n<p><strong><a href=\"https:\/\/humanidades.uprrp.edu\/visiondoble\/?p=5470\">Colosos podridos \/ Laura Bravo<\/a><\/strong><\/p>\n<p><strong><a href=\"https:\/\/humanidades.uprrp.edu\/visiondoble\/?p=5473\">Cr\u00f3nica de un performance inadvertido \/ Carlos Ortiz Burgos<\/a><\/strong><\/p>\n<p><strong><a href=\"https:\/\/humanidades.uprrp.edu\/visiondoble\/?p=5477\">Exposici\u00f3n de objetos de culto de la catedral de Ponce \/ Pablo P\u00e9rez d&#8217;Ors<\/a><\/strong><\/p>\n<p><strong><a href=\"https:\/\/humanidades.uprrp.edu\/visiondoble\/?p=5482\">Hijos de la pintura \/ Antonio Garc\u00eda Baeza<\/a><\/strong><\/p>\n<p><strong><a href=\"https:\/\/humanidades.uprrp.edu\/visiondoble\/?p=5494\">Tocar el pasado: entrevista a Isabel St\u00fcnkel \/ Rafael Jackson<\/a><\/strong><\/p>\n<p><strong><a href=\"https:\/\/humanidades.uprrp.edu\/visiondoble\/?p=1332\">Una educaci\u00f3n sensorial: Historia personal del desnudo femenino en la pintura de Rafael Argullol\u00a0\/ Rosario Romero<\/a><\/strong><\/p>\n<p><strong><a href=\"https:\/\/humanidades.uprrp.edu\/visiondoble\/?p=5489\">Pinceladas de historia: la colecci\u00f3n de pintura del Museo del Prado \/ Jennifer Solivan<\/a><\/strong><\/p>\n\n<\/div><\/div>\n<div class=\"accordion-item\"><a href=\"#\" class=\"accordion-title plain\"><button class=\"toggle\"><i class=\"icon-angle-down\"><\/i><\/button><span>Agosto<\/span><\/a><div class=\"accordion-inner\">\n\n<p><a href=\"https:\/\/humanidades.uprrp.edu\/visiondoble\/el-cartel-en-santurce-ii-una-muestra-que-desde-la-vanguardia-saluda-la-tradicion\/\"><strong>El Cartel en Santurce II: una muestra que desde la vanguardia saluda la tradici\u00f3n<\/strong> \/ Adl\u00edn R\u00edos Rigau<\/a><\/p>\n<p><a href=\"https:\/\/humanidades.uprrp.edu\/visiondoble\/?p=5660\"><strong>En capilla ardiente: obra reciente de Garvin Sierra<\/strong> \/ Rub\u00e9n Alejandro Moreira<\/a><\/p>\n<p><a href=\"https:\/\/humanidades.uprrp.edu\/visiondoble\/?p=5646\"><strong>PISO F\u00e9nix: pongamos en el mapa otras coordenadas<\/strong> \/ Noem\u00ed Segarra<\/a><\/p>\n<p><strong>Del lente al pincel: influencia de la fotograf\u00eda sobre el arte pict\u00f3rico<\/strong> \/ Jorge L. Crespo Arm\u00e1iz<\/p>\n<p><a href=\"https:\/\/humanidades.uprrp.edu\/visiondoble\/plaga-de-piezas-precolombinas-falsas\/\"><strong>Plaga de piezas precolombinas falsas<\/strong> \/ Carlos Mart\u00ednez Palmer<\/a><\/p>\n<p><a href=\"https:\/\/humanidades.uprrp.edu\/visiondoble\/?p=5657\"><strong>V\u00edctor V\u00e1zquez: moriremos pero vivir\u00e1n nuestras memorias<\/strong> \/ Laura Bravo<\/a><\/p>\n<p><a href=\"https:\/\/humanidades.uprrp.edu\/visiondoble\/celebremos-el-arte-bienal-de-venecia-primera-parte\/\"><strong>Celebremos el arte. Bienal de Venecia (Primera parte)<\/strong> \/ Rosario Romero<\/a><\/p>\n<p><a href=\"https:\/\/humanidades.uprrp.edu\/visiondoble\/?p=5653\"><strong>Paisaje interior: entrevista con Carlos A. Rivera Villafa\u00f1a<\/strong> \/ Mercedes Trelles<\/a><\/p>\n\n<\/div><\/div>\n<div class=\"accordion-item\"><a href=\"#\" class=\"accordion-title plain\"><button class=\"toggle\"><i class=\"icon-angle-down\"><\/i><\/button><span>Septiembre<\/span><\/a><div class=\"accordion-inner\">\n\n<p><a href=\"https:\/\/humanidades.uprrp.edu\/visiondoble\/memorables-encuentros-y-desencuentros-en-fundacion-casa-cortes\/\"><strong>Memorables encuentros y desencuentros en Fundaci\u00f3n Casa Cort\u00e9s<\/strong> \/ Luis Cotto Rom\u00e1n<\/a><\/p>\n<p><a href=\"https:\/\/humanidades.uprrp.edu\/visiondoble\/?p=5553\"><strong>Objetos art\u00edsticos, miradas sin arte<\/strong> \/ Rafael Jackson<\/a><\/p>\n<p><a href=\"https:\/\/humanidades.uprrp.edu\/visiondoble\/?p=5540\"><strong>El arte aborigen y su aplicaci\u00f3n a las artesan\u00edas<\/strong> \/ Carlos Mart\u00ednez Palmer<\/a><\/p>\n<p><a href=\"https:\/\/humanidades.uprrp.edu\/visiondoble\/?p=5543\"><strong>Bregando con arte<\/strong> \/ Carlos Ortiz Burgos<\/a><\/p>\n<p><a href=\"https:\/\/humanidades.uprrp.edu\/visiondoble\/?p=5556\"><strong>El arte es un juego<\/strong> \/ Rafael Trelles<\/a><\/p>\n<p><a href=\"https:\/\/humanidades.uprrp.edu\/visiondoble\/?p=5546\"><strong>El cartel de Ajedrez en Puerto Rico<\/strong> \/ Jos\u00e9 Correa Vigier<\/a><\/p>\n\n<\/div><\/div>\n<div class=\"accordion-item\"><a href=\"#\" class=\"accordion-title plain\"><button class=\"toggle\"><i class=\"icon-angle-down\"><\/i><\/button><span>Diciembre<\/span><\/a><div class=\"accordion-inner\">\n\n<p><a href=\"https:\/\/humanidades.uprrp.edu\/visiondoble\/?p=5536\"><strong>Palabras en juego: Picasso, la imagen y el texto en la antesala del Guernica<\/strong> \/ Rafael Jackson<\/a><\/p>\n<p><a href=\"https:\/\/humanidades.uprrp.edu\/visiondoble\/el-guernica-en-las-ruinas-del-museo\/\"><strong>El Guernica en las ruinas del museo<\/strong> \/ Jes\u00fas Carrillo<\/a><\/p>\n<p><a href=\"https:\/\/humanidades.uprrp.edu\/visiondoble\/?p=5529\"><strong>Museo Tibes: un encuentro cercano<\/strong> \/ Carlos Mart\u00ednez Palmer<\/a><\/p>\n<p><a href=\"https:\/\/humanidades.uprrp.edu\/visiondoble\/jornada-de-puertas-abiertas-en-la-fundacion-bilbaoarte\/\"><strong>Jornada de Puertas Abiertas en la Fundaci\u00f3n BilbaoArte<\/strong> \/ Mario Espliego<\/a><\/p>\n\n<\/div><\/div>\n\n<\/div>\n\n","protected":false},"excerpt":{"rendered":"","protected":false},"author":3,"featured_media":0,"parent":0,"menu_order":0,"comment_status":"closed","ping_status":"closed","template":"","meta":{"footnotes":""},"class_list":["post-3248","page","type-page","status-publish","hentry"],"_links":{"self":[{"href":"https:\/\/humanidades.uprrp.edu\/visiondoble\/wp-json\/wp\/v2\/pages\/3248","targetHints":{"allow":["GET"]}}],"collection":[{"href":"https:\/\/humanidades.uprrp.edu\/visiondoble\/wp-json\/wp\/v2\/pages"}],"about":[{"href":"https:\/\/humanidades.uprrp.edu\/visiondoble\/wp-json\/wp\/v2\/types\/page"}],"author":[{"embeddable":true,"href":"https:\/\/humanidades.uprrp.edu\/visiondoble\/wp-json\/wp\/v2\/users\/3"}],"replies":[{"embeddable":true,"href":"https:\/\/humanidades.uprrp.edu\/visiondoble\/wp-json\/wp\/v2\/comments?post=3248"}],"version-history":[{"count":32,"href":"https:\/\/humanidades.uprrp.edu\/visiondoble\/wp-json\/wp\/v2\/pages\/3248\/revisions"}],"predecessor-version":[{"id":7064,"href":"https:\/\/humanidades.uprrp.edu\/visiondoble\/wp-json\/wp\/v2\/pages\/3248\/revisions\/7064"}],"wp:attachment":[{"href":"https:\/\/humanidades.uprrp.edu\/visiondoble\/wp-json\/wp\/v2\/media?parent=3248"}],"curies":[{"name":"wp","href":"https:\/\/api.w.org\/{rel}","templated":true}]}}