{"id":1832,"date":"2024-09-25T08:56:16","date_gmt":"2024-09-25T12:56:16","guid":{"rendered":"https:\/\/humanidades.uprrp.edu\/magac\/?page_id=1832"},"modified":"2024-09-25T08:57:24","modified_gmt":"2024-09-25T12:57:24","slug":"proyecto-de-estudios-universitarios-para-personas-confinadas","status":"publish","type":"page","link":"https:\/\/humanidades.uprrp.edu\/magac\/?page_id=1832","title":{"rendered":"Proyecto de Estudios Universitarios para Personas Confinadas"},"content":{"rendered":"\n<p>Este programa permite a estudiantes privades de libertad graduados de bachillerato en la Universidad de Puerto Rico como parte del Proyecto de Estudios Universitarios para Personas Confinadas, proseguir estudios en la Maestr\u00eda en Gesti\u00f3n y Administraci\u00f3n Cultural. En enero de 2024, trece estudiantes privades de libertad (10 hombres y 3 mujeres) fueron admitides a MAGAC. A trav\u00e9s de un convenio entre la UPR y el Departamento &nbsp;Correcci\u00f3n y Rehabilitaci\u00f3n, les estudiantes asisten presencialmente a sus cursos en el recinto, propiciando la inserci\u00f3n del grupo a la comunidad universitaria y el aprendizaje mutuo.<\/p>\n\n\n\n<figure class=\"wp-block-gallery has-nested-images columns-default is-cropped wp-block-gallery-1 is-layout-flex wp-block-gallery-is-layout-flex\">\n<figure class=\"wp-block-image size-large\"><a href=\"https:\/\/humanidades.uprrp.edu\/magac\/wp-content\/uploads\/2024\/09\/1-El-Nuevo-Di\u0301a.jpeg\"><img loading=\"lazy\" decoding=\"async\" width=\"966\" height=\"1024\" data-id=\"1835\" src=\"https:\/\/humanidades.uprrp.edu\/magac\/wp-content\/uploads\/2024\/09\/1-El-Nuevo-Di\u0301a-966x1024.jpeg\" alt=\"\" class=\"wp-image-1835\" srcset=\"https:\/\/humanidades.uprrp.edu\/magac\/wp-content\/uploads\/2024\/09\/1-El-Nuevo-Di\u0301a-966x1024.jpeg 966w, https:\/\/humanidades.uprrp.edu\/magac\/wp-content\/uploads\/2024\/09\/1-El-Nuevo-Di\u0301a-283x300.jpeg 283w, https:\/\/humanidades.uprrp.edu\/magac\/wp-content\/uploads\/2024\/09\/1-El-Nuevo-Di\u0301a-768x814.jpeg 768w, https:\/\/humanidades.uprrp.edu\/magac\/wp-content\/uploads\/2024\/09\/1-El-Nuevo-Di\u0301a-700x742.jpeg 700w, https:\/\/humanidades.uprrp.edu\/magac\/wp-content\/uploads\/2024\/09\/1-El-Nuevo-Di\u0301a.jpeg 1272w\" sizes=\"auto, (max-width: 966px) 100vw, 966px\" \/><\/a><\/figure>\n\n\n\n<figure class=\"wp-block-image size-large\"><a href=\"https:\/\/humanidades.uprrp.edu\/magac\/wp-content\/uploads\/2024\/09\/Screenshot-2024-09-25-at-8.54.53\u202fAM.png\"><img loading=\"lazy\" decoding=\"async\" width=\"956\" height=\"1024\" data-id=\"1833\" src=\"https:\/\/humanidades.uprrp.edu\/magac\/wp-content\/uploads\/2024\/09\/Screenshot-2024-09-25-at-8.54.53\u202fAM-956x1024.png\" alt=\"\" class=\"wp-image-1833\" srcset=\"https:\/\/humanidades.uprrp.edu\/magac\/wp-content\/uploads\/2024\/09\/Screenshot-2024-09-25-at-8.54.53\u202fAM-956x1024.png 956w, https:\/\/humanidades.uprrp.edu\/magac\/wp-content\/uploads\/2024\/09\/Screenshot-2024-09-25-at-8.54.53\u202fAM-280x300.png 280w, https:\/\/humanidades.uprrp.edu\/magac\/wp-content\/uploads\/2024\/09\/Screenshot-2024-09-25-at-8.54.53\u202fAM-768x823.png 768w, https:\/\/humanidades.uprrp.edu\/magac\/wp-content\/uploads\/2024\/09\/Screenshot-2024-09-25-at-8.54.53\u202fAM-1434x1536.png 1434w, https:\/\/humanidades.uprrp.edu\/magac\/wp-content\/uploads\/2024\/09\/Screenshot-2024-09-25-at-8.54.53\u202fAM-700x750.png 700w, https:\/\/humanidades.uprrp.edu\/magac\/wp-content\/uploads\/2024\/09\/Screenshot-2024-09-25-at-8.54.53\u202fAM.png 1686w\" sizes=\"auto, (max-width: 956px) 100vw, 956px\" \/><\/a><\/figure>\n\n\n\n<figure class=\"wp-block-image size-large\"><a href=\"https:\/\/humanidades.uprrp.edu\/magac\/wp-content\/uploads\/2024\/09\/Screenshot-2024-09-25-at-8.54.33\u202fAM.png\"><img loading=\"lazy\" decoding=\"async\" width=\"964\" height=\"1024\" data-id=\"1834\" src=\"https:\/\/humanidades.uprrp.edu\/magac\/wp-content\/uploads\/2024\/09\/Screenshot-2024-09-25-at-8.54.33\u202fAM-964x1024.png\" alt=\"\" class=\"wp-image-1834\" srcset=\"https:\/\/humanidades.uprrp.edu\/magac\/wp-content\/uploads\/2024\/09\/Screenshot-2024-09-25-at-8.54.33\u202fAM-964x1024.png 964w, https:\/\/humanidades.uprrp.edu\/magac\/wp-content\/uploads\/2024\/09\/Screenshot-2024-09-25-at-8.54.33\u202fAM-282x300.png 282w, https:\/\/humanidades.uprrp.edu\/magac\/wp-content\/uploads\/2024\/09\/Screenshot-2024-09-25-at-8.54.33\u202fAM-768x816.png 768w, https:\/\/humanidades.uprrp.edu\/magac\/wp-content\/uploads\/2024\/09\/Screenshot-2024-09-25-at-8.54.33\u202fAM-1446x1536.png 1446w, https:\/\/humanidades.uprrp.edu\/magac\/wp-content\/uploads\/2024\/09\/Screenshot-2024-09-25-at-8.54.33\u202fAM-700x744.png 700w, https:\/\/humanidades.uprrp.edu\/magac\/wp-content\/uploads\/2024\/09\/Screenshot-2024-09-25-at-8.54.33\u202fAM.png 1704w\" sizes=\"auto, (max-width: 964px) 100vw, 964px\" \/><\/a><\/figure>\n<\/figure>\n\n\n\n<p>Enlaces a cobertura en prensa:<\/p>\n\n\n\n<ul class=\"wp-block-list\">\n<li><a href=\"https:\/\/www.elnuevodia.com\/noticias\/locales\/notas\/confinados-se-preparan -para-estudiar-una-maestria-en-la-upr-aqui-nos-sentimos-seres-humanos\/\">https:\/\/www.elnuevodia.com\/noticias\/locales\/notas\/confinados-se-preparan -para-estudiar-una-maestria-en-la-upr-aqui-nos-sentimos-seres-humanos\/<\/a><\/li>\n\n\n\n<li><a href=\"https:\/\/www.noticel.com\/gobierno\/ahora\/top-stories\/20231214\/trece-confin ados-admitidos-para-su-sorpresa-a-maestria-en-la-upr\/\">https:\/\/www.noticel.com\/gobierno\/ahora\/top-stories\/20231214\/trece-confin ados-admitidos-para-su-sorpresa-a-maestria-en-la-upr\/<\/a><\/li>\n\n\n\n<li>&nbsp;<a href=\"https:\/\/www.elnuevodia.com\/noticias\/locales\/notas\/uno-se-siente-humano- confinados-son-admitidos-para-estudiar-una-maestria-en-la-upr-de-rio-piedr as\/\">https:\/\/www.elnuevodia.com\/noticias\/locales\/notas\/uno-se-siente-humano- confinados-son-admitidos-para-estudiar-una-maestria-en-la-upr-de-rio-piedr as\/<\/a><\/li>\n\n\n\n<li><a href=\"https:\/\/www.elnuevodia.com\/noticias\/locales\/fotogalerias\/citados-por-la-hist oria-13-confinados-inician-su-maestria-en-la-upr-en-rio-piedras\/\">https:\/\/www.elnuevodia.com\/noticias\/locales\/fotogalerias\/citados-por-la-hist oria-13-confinados-inician-su-maestria-en-la-upr-en-rio-piedras\/<\/a><\/li>\n<\/ul>\n\n\n\n<p>Podcast Aula Cr\u00edtica:<\/p>\n\n\n\n<p><a href=\"https:\/\/open.spotify.com\/episode\/4OTiKHgPLzPempYbG7b5Bt?si=mbILl1w sQSS3eIkdmNCKSw&amp;context=spotify%3Ashow%3A6IaAwTYtvb6au3hMvS Nh6G\">https:\/\/open.spotify.com\/episode\/4OTiKHgPLzPempYbG7b5Bt?si=mbILl1w sQSS3eIkdmNCKSw&amp;context=spotify%3Ashow%3A6IaAwTYtvb6au3hMvS Nh6G<\/a><\/p>\n","protected":false},"excerpt":{"rendered":"<p>Este programa permite a estudiantes privades de libertad graduados de bachillerato en la Universidad de Puerto Rico como parte del Proyecto de Estudios Universitarios para Personas Confinadas, proseguir estudios en la Maestr\u00eda en Gesti\u00f3n y Administraci\u00f3n Cultural. En enero de 2024, trece estudiantes privades de libertad (10 hombres y 3 &#8230;<\/p>\n","protected":false},"author":3,"featured_media":0,"parent":0,"menu_order":0,"comment_status":"closed","ping_status":"closed","template":"","meta":{"footnotes":""},"class_list":["post-1832","page","type-page","status-publish","hentry","column","twocol"],"_links":{"self":[{"href":"https:\/\/humanidades.uprrp.edu\/magac\/index.php?rest_route=\/wp\/v2\/pages\/1832","targetHints":{"allow":["GET"]}}],"collection":[{"href":"https:\/\/humanidades.uprrp.edu\/magac\/index.php?rest_route=\/wp\/v2\/pages"}],"about":[{"href":"https:\/\/humanidades.uprrp.edu\/magac\/index.php?rest_route=\/wp\/v2\/types\/page"}],"author":[{"embeddable":true,"href":"https:\/\/humanidades.uprrp.edu\/magac\/index.php?rest_route=\/wp\/v2\/users\/3"}],"replies":[{"embeddable":true,"href":"https:\/\/humanidades.uprrp.edu\/magac\/index.php?rest_route=%2Fwp%2Fv2%2Fcomments&post=1832"}],"version-history":[{"count":2,"href":"https:\/\/humanidades.uprrp.edu\/magac\/index.php?rest_route=\/wp\/v2\/pages\/1832\/revisions"}],"predecessor-version":[{"id":1837,"href":"https:\/\/humanidades.uprrp.edu\/magac\/index.php?rest_route=\/wp\/v2\/pages\/1832\/revisions\/1837"}],"wp:attachment":[{"href":"https:\/\/humanidades.uprrp.edu\/magac\/index.php?rest_route=%2Fwp%2Fv2%2Fmedia&parent=1832"}],"curies":[{"name":"wp","href":"https:\/\/api.w.org\/{rel}","templated":true}]}}