{"id":29,"date":"2024-09-10T11:29:53","date_gmt":"2024-09-10T15:29:53","guid":{"rendered":"https:\/\/humanidades.uprrp.edu\/literaturacomparada\/?page_id=29"},"modified":"2025-10-21T15:50:27","modified_gmt":"2025-10-21T19:50:27","slug":"facultad","status":"publish","type":"page","link":"https:\/\/humanidades.uprrp.edu\/literaturacomparada\/facultad\/","title":{"rendered":"Facultad"},"content":{"rendered":"\t\t<div data-elementor-type=\"wp-page\" data-elementor-id=\"29\" class=\"elementor elementor-29\">\n\t\t\t\t<div class=\"elementor-element elementor-element-ffd1064 e-flex e-con-boxed e-con e-parent\" data-id=\"ffd1064\" data-element_type=\"container\" data-e-type=\"container\">\n\t\t\t\t\t<div class=\"e-con-inner\">\n\t\t<div class=\"elementor-element elementor-element-620cd64 e-con-full e-flex e-con e-child\" data-id=\"620cd64\" data-element_type=\"container\" data-e-type=\"container\">\n\t\t\t\t<div class=\"elementor-element elementor-element-364fbda elementor-widget elementor-widget-image\" data-id=\"364fbda\" data-element_type=\"widget\" data-e-type=\"widget\" data-widget_type=\"image.default\">\n\t\t\t\t<div class=\"elementor-widget-container\">\n\t\t\t\t\t\t\t\t\t\t\t\t\t\t\t<img fetchpriority=\"high\" decoding=\"async\" width=\"660\" height=\"990\" src=\"https:\/\/humanidades.uprrp.edu\/literaturacomparada\/wp-content\/uploads\/sites\/6\/2025\/10\/elidio-683x1024.png\" class=\"attachment-large size-large wp-image-315\" alt=\"\" srcset=\"https:\/\/humanidades.uprrp.edu\/literaturacomparada\/wp-content\/uploads\/sites\/6\/2025\/10\/elidio-683x1024.png 683w, https:\/\/humanidades.uprrp.edu\/literaturacomparada\/wp-content\/uploads\/sites\/6\/2025\/10\/elidio-200x300.png 200w, https:\/\/humanidades.uprrp.edu\/literaturacomparada\/wp-content\/uploads\/sites\/6\/2025\/10\/elidio-768x1151.png 768w, https:\/\/humanidades.uprrp.edu\/literaturacomparada\/wp-content\/uploads\/sites\/6\/2025\/10\/elidio-700x1049.png 700w, https:\/\/humanidades.uprrp.edu\/literaturacomparada\/wp-content\/uploads\/sites\/6\/2025\/10\/elidio-332x498.png 332w, https:\/\/humanidades.uprrp.edu\/literaturacomparada\/wp-content\/uploads\/sites\/6\/2025\/10\/elidio-600x899.png 600w, https:\/\/humanidades.uprrp.edu\/literaturacomparada\/wp-content\/uploads\/sites\/6\/2025\/10\/elidio.png 834w\" sizes=\"(max-width: 660px) 100vw, 660px\" \/>\t\t\t\t\t\t\t\t\t\t\t\t\t\t\t<\/div>\n\t\t\t\t<\/div>\n\t\t\t\t<\/div>\n\t\t<div class=\"elementor-element elementor-element-ad2aa86 e-con-full e-flex e-con e-child\" data-id=\"ad2aa86\" data-element_type=\"container\" data-e-type=\"container\">\n\t\t\t\t<div class=\"elementor-element elementor-element-0c03535 elementor-widget elementor-widget-text-editor\" data-id=\"0c03535\" data-element_type=\"widget\" data-e-type=\"widget\" data-widget_type=\"text-editor.default\">\n\t\t\t\t<div class=\"elementor-widget-container\">\n\t\t\t\t\t\t\t\t\t<p><strong>Elidio La Torre Lagares<\/strong>,\u00a0&lt;<a href=\"mailto:elidio.latorre@upr.edu\">elidio.latorre@upr.edu<\/a>&gt;, PhD, Universidad de Puerto Rico, R\u00edo Piedras, 1996; MFA de la Universidad de Texas-El Paso, 2016; Catedr\u00e1tico asociado. Literatura Comparada, Literatura del Caribe e Hispanoam\u00e9rica, novela negra, narrativa y arte en la cultura transmedi\u00e1tica, posthumanismo, deconstruccionismo, escritura creativa.<\/p>\t\t\t\t\t\t\t\t<\/div>\n\t\t\t\t<\/div>\n\t\t\t\t<\/div>\n\t\t\t\t\t<\/div>\n\t\t\t\t<\/div>\n\t\t<div class=\"elementor-element elementor-element-c10bd18 e-flex e-con-boxed e-con e-parent\" data-id=\"c10bd18\" data-element_type=\"container\" data-e-type=\"container\">\n\t\t\t\t\t<div class=\"e-con-inner\">\n\t\t<div class=\"elementor-element elementor-element-5abf020 e-con-full e-flex e-con e-child\" data-id=\"5abf020\" data-element_type=\"container\" data-e-type=\"container\">\n\t\t\t\t<div class=\"elementor-element elementor-element-d53e189 elementor-widget elementor-widget-image\" data-id=\"d53e189\" data-element_type=\"widget\" data-e-type=\"widget\" data-widget_type=\"image.default\">\n\t\t\t\t<div class=\"elementor-widget-container\">\n\t\t\t\t\t\t\t\t\t\t\t\t\t\t\t<img decoding=\"async\" width=\"660\" height=\"990\" src=\"https:\/\/humanidades.uprrp.edu\/literaturacomparada\/wp-content\/uploads\/sites\/6\/2025\/10\/Noel-luna-683x1024.png\" class=\"attachment-large size-large wp-image-306\" alt=\"\" srcset=\"https:\/\/humanidades.uprrp.edu\/literaturacomparada\/wp-content\/uploads\/sites\/6\/2025\/10\/Noel-luna-683x1024.png 683w, https:\/\/humanidades.uprrp.edu\/literaturacomparada\/wp-content\/uploads\/sites\/6\/2025\/10\/Noel-luna-200x300.png 200w, https:\/\/humanidades.uprrp.edu\/literaturacomparada\/wp-content\/uploads\/sites\/6\/2025\/10\/Noel-luna-768x1151.png 768w, https:\/\/humanidades.uprrp.edu\/literaturacomparada\/wp-content\/uploads\/sites\/6\/2025\/10\/Noel-luna-700x1049.png 700w, https:\/\/humanidades.uprrp.edu\/literaturacomparada\/wp-content\/uploads\/sites\/6\/2025\/10\/Noel-luna-332x498.png 332w, https:\/\/humanidades.uprrp.edu\/literaturacomparada\/wp-content\/uploads\/sites\/6\/2025\/10\/Noel-luna-600x899.png 600w, https:\/\/humanidades.uprrp.edu\/literaturacomparada\/wp-content\/uploads\/sites\/6\/2025\/10\/Noel-luna.png 834w\" sizes=\"(max-width: 660px) 100vw, 660px\" \/>\t\t\t\t\t\t\t\t\t\t\t\t\t\t\t<\/div>\n\t\t\t\t<\/div>\n\t\t\t\t<\/div>\n\t\t<div class=\"elementor-element elementor-element-0a508d0 e-con-full e-flex e-con e-child\" data-id=\"0a508d0\" data-element_type=\"container\" data-e-type=\"container\">\n\t\t\t\t<div class=\"elementor-element elementor-element-2f0df5e elementor-widget elementor-widget-text-editor\" data-id=\"2f0df5e\" data-element_type=\"widget\" data-e-type=\"widget\" data-widget_type=\"text-editor.default\">\n\t\t\t\t<div class=\"elementor-widget-container\">\n\t\t\t\t\t\t\t\t\t<p><strong>Noel Luna Rodr\u00edguez<\/strong>, &lt;<a href=\"mailto:noel.luna@upr.edu\">noel.luna@upr.edu<\/a>&gt;, PhD, Princeton University, 2001, Catedr\u00e1tico. Poes\u00eda moderna y contempor\u00e1nea, literatura hispanoamericana del siglo XX y XXI, literatura puertorrique\u00f1a, ensayo, teor\u00eda literaria, escritura creativa.<\/p>\t\t\t\t\t\t\t\t<\/div>\n\t\t\t\t<\/div>\n\t\t\t\t<\/div>\n\t\t\t\t\t<\/div>\n\t\t\t\t<\/div>\n\t\t<div class=\"elementor-element elementor-element-b913efd e-flex e-con-boxed e-con e-parent\" data-id=\"b913efd\" data-element_type=\"container\" data-e-type=\"container\">\n\t\t\t\t\t<div class=\"e-con-inner\">\n\t\t<div class=\"elementor-element elementor-element-b7998fa e-con-full e-flex e-con e-child\" data-id=\"b7998fa\" data-element_type=\"container\" data-e-type=\"container\">\n\t\t\t\t<div class=\"elementor-element elementor-element-22fa965 elementor-widget elementor-widget-image\" data-id=\"22fa965\" data-element_type=\"widget\" data-e-type=\"widget\" data-widget_type=\"image.default\">\n\t\t\t\t<div class=\"elementor-widget-container\">\n\t\t\t\t\t\t\t\t\t\t\t\t\t\t\t<img decoding=\"async\" width=\"660\" height=\"990\" src=\"https:\/\/humanidades.uprrp.edu\/literaturacomparada\/wp-content\/uploads\/sites\/6\/2025\/10\/Marla-683x1024.png\" class=\"attachment-large size-large wp-image-308\" alt=\"\" srcset=\"https:\/\/humanidades.uprrp.edu\/literaturacomparada\/wp-content\/uploads\/sites\/6\/2025\/10\/Marla-683x1024.png 683w, https:\/\/humanidades.uprrp.edu\/literaturacomparada\/wp-content\/uploads\/sites\/6\/2025\/10\/Marla-200x300.png 200w, https:\/\/humanidades.uprrp.edu\/literaturacomparada\/wp-content\/uploads\/sites\/6\/2025\/10\/Marla-768x1151.png 768w, https:\/\/humanidades.uprrp.edu\/literaturacomparada\/wp-content\/uploads\/sites\/6\/2025\/10\/Marla-700x1049.png 700w, https:\/\/humanidades.uprrp.edu\/literaturacomparada\/wp-content\/uploads\/sites\/6\/2025\/10\/Marla-332x498.png 332w, https:\/\/humanidades.uprrp.edu\/literaturacomparada\/wp-content\/uploads\/sites\/6\/2025\/10\/Marla-600x899.png 600w, https:\/\/humanidades.uprrp.edu\/literaturacomparada\/wp-content\/uploads\/sites\/6\/2025\/10\/Marla.png 834w\" sizes=\"(max-width: 660px) 100vw, 660px\" \/>\t\t\t\t\t\t\t\t\t\t\t\t\t\t\t<\/div>\n\t\t\t\t<\/div>\n\t\t\t\t<\/div>\n\t\t<div class=\"elementor-element elementor-element-9715ca0 e-con-full e-flex e-con e-child\" data-id=\"9715ca0\" data-element_type=\"container\" data-e-type=\"container\">\n\t\t\t\t<div class=\"elementor-element elementor-element-2477b87 elementor-widget elementor-widget-text-editor\" data-id=\"2477b87\" data-element_type=\"widget\" data-e-type=\"widget\" data-widget_type=\"text-editor.default\">\n\t\t\t\t<div class=\"elementor-widget-container\">\n\t\t\t\t\t\t\t\t\t<p><strong>Marla Pag\u00e1n Mattos<\/strong>\u00a0&lt;<a href=\"mailto:marla.pagan@upr.edu\">marla.pagan@upr.edu<\/a>&gt;, PhD, University of Pennsylvania, 2012, Catedr\u00e1tica auxiliar. Literatura medieval y modernidad temprana, cultura sonora, la historia y materialidad del libro, literatura y discursos religiosos, teor\u00eda literaria.<\/p>\t\t\t\t\t\t\t\t<\/div>\n\t\t\t\t<\/div>\n\t\t\t\t<\/div>\n\t\t\t\t\t<\/div>\n\t\t\t\t<\/div>\n\t\t<div class=\"elementor-element elementor-element-fc45876 e-flex e-con-boxed e-con e-parent\" data-id=\"fc45876\" data-element_type=\"container\" data-e-type=\"container\">\n\t\t\t\t\t<div class=\"e-con-inner\">\n\t\t<div class=\"elementor-element elementor-element-d29962d e-con-full e-flex e-con e-child\" data-id=\"d29962d\" data-element_type=\"container\" data-e-type=\"container\">\n\t\t\t\t<div class=\"elementor-element elementor-element-92b9c17 elementor-widget elementor-widget-image\" data-id=\"92b9c17\" data-element_type=\"widget\" data-e-type=\"widget\" data-widget_type=\"image.default\">\n\t\t\t\t<div class=\"elementor-widget-container\">\n\t\t\t\t\t\t\t\t\t\t\t\t\t\t\t<img loading=\"lazy\" decoding=\"async\" width=\"660\" height=\"990\" src=\"https:\/\/humanidades.uprrp.edu\/literaturacomparada\/wp-content\/uploads\/sites\/6\/2025\/10\/Marian-683x1024.png\" class=\"attachment-large size-large wp-image-307\" alt=\"\" srcset=\"https:\/\/humanidades.uprrp.edu\/literaturacomparada\/wp-content\/uploads\/sites\/6\/2025\/10\/Marian-683x1024.png 683w, https:\/\/humanidades.uprrp.edu\/literaturacomparada\/wp-content\/uploads\/sites\/6\/2025\/10\/Marian-200x300.png 200w, https:\/\/humanidades.uprrp.edu\/literaturacomparada\/wp-content\/uploads\/sites\/6\/2025\/10\/Marian-768x1151.png 768w, https:\/\/humanidades.uprrp.edu\/literaturacomparada\/wp-content\/uploads\/sites\/6\/2025\/10\/Marian-700x1049.png 700w, https:\/\/humanidades.uprrp.edu\/literaturacomparada\/wp-content\/uploads\/sites\/6\/2025\/10\/Marian-332x498.png 332w, https:\/\/humanidades.uprrp.edu\/literaturacomparada\/wp-content\/uploads\/sites\/6\/2025\/10\/Marian-600x899.png 600w, https:\/\/humanidades.uprrp.edu\/literaturacomparada\/wp-content\/uploads\/sites\/6\/2025\/10\/Marian.png 834w\" sizes=\"(max-width: 660px) 100vw, 660px\" \/>\t\t\t\t\t\t\t\t\t\t\t\t\t\t\t<\/div>\n\t\t\t\t<\/div>\n\t\t\t\t<\/div>\n\t\t<div class=\"elementor-element elementor-element-de9edb3 e-con-full e-flex e-con e-child\" data-id=\"de9edb3\" data-element_type=\"container\" data-e-type=\"container\">\n\t\t\t\t<div class=\"elementor-element elementor-element-6380945 elementor-widget elementor-widget-text-editor\" data-id=\"6380945\" data-element_type=\"widget\" data-e-type=\"widget\" data-widget_type=\"text-editor.default\">\n\t\t\t\t<div class=\"elementor-widget-container\">\n\t\t\t\t\t\t\t\t\t<p><strong>Marian E. Polhill<\/strong>\u00a0&lt;<a href=\"mailto:marian.polhill1@upr.edu\">marian.polhill1@upr.edu<\/a>&gt;, PhD, Cornell University, 2002, Catedr\u00e1tica. Estudios culturales; poes\u00eda y narrativa medieval y premoderna; literatura y medicina; bestiarios; cultura popular; estudios de los animales; estudios de los monstruos.<\/p>\t\t\t\t\t\t\t\t<\/div>\n\t\t\t\t<\/div>\n\t\t\t\t<\/div>\n\t\t\t\t\t<\/div>\n\t\t\t\t<\/div>\n\t\t<div class=\"elementor-element elementor-element-6b98c83 e-flex e-con-boxed e-con e-parent\" data-id=\"6b98c83\" data-element_type=\"container\" data-e-type=\"container\">\n\t\t\t\t\t<div class=\"e-con-inner\">\n\t\t\t\t<div class=\"elementor-element elementor-element-9c463fa elementor-widget elementor-widget-heading\" data-id=\"9c463fa\" data-element_type=\"widget\" data-e-type=\"widget\" data-widget_type=\"heading.default\">\n\t\t\t\t<div class=\"elementor-widget-container\">\n\t\t\t\t\t<h2 class=\"elementor-heading-title elementor-size-default\">Colaboradores frecuentes<\/h2>\t\t\t\t<\/div>\n\t\t\t\t<\/div>\n\t\t\t\t\t<\/div>\n\t\t\t\t<\/div>\n\t\t<div class=\"elementor-element elementor-element-adc27ab e-flex e-con-boxed e-con e-parent\" data-id=\"adc27ab\" data-element_type=\"container\" data-e-type=\"container\">\n\t\t\t\t\t<div class=\"e-con-inner\">\n\t\t<div class=\"elementor-element elementor-element-53943ac e-con-full e-flex e-con e-child\" data-id=\"53943ac\" data-element_type=\"container\" data-e-type=\"container\">\n\t\t\t\t<div class=\"elementor-element elementor-element-0a8c990 elementor-widget elementor-widget-image\" data-id=\"0a8c990\" data-element_type=\"widget\" data-e-type=\"widget\" data-widget_type=\"image.default\">\n\t\t\t\t<div class=\"elementor-widget-container\">\n\t\t\t\t\t\t\t\t\t\t\t\t\t\t\t<img loading=\"lazy\" decoding=\"async\" width=\"660\" height=\"990\" src=\"https:\/\/humanidades.uprrp.edu\/literaturacomparada\/wp-content\/uploads\/sites\/6\/2025\/10\/cezanne-683x1024.png\" class=\"attachment-large size-large wp-image-312\" alt=\"\" srcset=\"https:\/\/humanidades.uprrp.edu\/literaturacomparada\/wp-content\/uploads\/sites\/6\/2025\/10\/cezanne-683x1024.png 683w, https:\/\/humanidades.uprrp.edu\/literaturacomparada\/wp-content\/uploads\/sites\/6\/2025\/10\/cezanne-200x300.png 200w, https:\/\/humanidades.uprrp.edu\/literaturacomparada\/wp-content\/uploads\/sites\/6\/2025\/10\/cezanne-768x1151.png 768w, https:\/\/humanidades.uprrp.edu\/literaturacomparada\/wp-content\/uploads\/sites\/6\/2025\/10\/cezanne-700x1049.png 700w, https:\/\/humanidades.uprrp.edu\/literaturacomparada\/wp-content\/uploads\/sites\/6\/2025\/10\/cezanne-332x498.png 332w, https:\/\/humanidades.uprrp.edu\/literaturacomparada\/wp-content\/uploads\/sites\/6\/2025\/10\/cezanne-600x899.png 600w, https:\/\/humanidades.uprrp.edu\/literaturacomparada\/wp-content\/uploads\/sites\/6\/2025\/10\/cezanne.png 834w\" sizes=\"(max-width: 660px) 100vw, 660px\" \/>\t\t\t\t\t\t\t\t\t\t\t\t\t\t\t<\/div>\n\t\t\t\t<\/div>\n\t\t\t\t<\/div>\n\t\t<div class=\"elementor-element elementor-element-e7b07a3 e-con-full e-flex e-con e-child\" data-id=\"e7b07a3\" data-element_type=\"container\" data-e-type=\"container\">\n\t\t\t\t<div class=\"elementor-element elementor-element-cde3d5e elementor-widget elementor-widget-text-editor\" data-id=\"cde3d5e\" data-element_type=\"widget\" data-e-type=\"widget\" data-widget_type=\"text-editor.default\">\n\t\t\t\t<div class=\"elementor-widget-container\">\n\t\t\t\t\t\t\t\t\t<p><strong>Cezanne Cardona<\/strong>\u00a0 &lt;<a href=\"mailto:cezanne.cardona@upr.edu\">cezanne.cardona@upr.edu<\/a>&gt;, Egresado de la Universidad de Puerto Rico, Recinto de R\u00edo Piedras, donde obtuvo un bachillerato en Historia y una Maestr\u00eda en Literatura Comparada con la tesis\u00a0<em>En busca del Siglo XX: Jorge Volpi y la \u00e9tica del mal<\/em>. Destacado novelista (<em>Esto tambi\u00e9n es una casa<\/em>, <em>La velocidad de lo perdido<\/em>,\u00a0<em>Terranova<\/em>) y cuentista (galardonado en <em>El Nuevo D\u00eda<\/em>).<\/p>\t\t\t\t\t\t\t\t<\/div>\n\t\t\t\t<\/div>\n\t\t\t\t<\/div>\n\t\t\t\t\t<\/div>\n\t\t\t\t<\/div>\n\t\t<div class=\"elementor-element elementor-element-eae4a0c e-flex e-con-boxed e-con e-parent\" data-id=\"eae4a0c\" data-element_type=\"container\" data-e-type=\"container\">\n\t\t\t\t\t<div class=\"e-con-inner\">\n\t\t<div class=\"elementor-element elementor-element-7fa9a25 e-con-full e-flex e-con e-child\" data-id=\"7fa9a25\" data-element_type=\"container\" data-e-type=\"container\">\n\t\t\t\t<div class=\"elementor-element elementor-element-8d7e2a3 elementor-widget elementor-widget-image\" data-id=\"8d7e2a3\" data-element_type=\"widget\" data-e-type=\"widget\" data-widget_type=\"image.default\">\n\t\t\t\t<div class=\"elementor-widget-container\">\n\t\t\t\t\t\t\t\t\t\t\t\t\t\t\t<img loading=\"lazy\" decoding=\"async\" width=\"660\" height=\"990\" src=\"https:\/\/humanidades.uprrp.edu\/literaturacomparada\/wp-content\/uploads\/sites\/6\/2025\/10\/kelvin-duran-683x1024.png\" class=\"attachment-large size-large wp-image-305\" alt=\"\" srcset=\"https:\/\/humanidades.uprrp.edu\/literaturacomparada\/wp-content\/uploads\/sites\/6\/2025\/10\/kelvin-duran-683x1024.png 683w, https:\/\/humanidades.uprrp.edu\/literaturacomparada\/wp-content\/uploads\/sites\/6\/2025\/10\/kelvin-duran-200x300.png 200w, https:\/\/humanidades.uprrp.edu\/literaturacomparada\/wp-content\/uploads\/sites\/6\/2025\/10\/kelvin-duran-768x1151.png 768w, https:\/\/humanidades.uprrp.edu\/literaturacomparada\/wp-content\/uploads\/sites\/6\/2025\/10\/kelvin-duran-700x1049.png 700w, https:\/\/humanidades.uprrp.edu\/literaturacomparada\/wp-content\/uploads\/sites\/6\/2025\/10\/kelvin-duran-332x498.png 332w, https:\/\/humanidades.uprrp.edu\/literaturacomparada\/wp-content\/uploads\/sites\/6\/2025\/10\/kelvin-duran-600x899.png 600w, https:\/\/humanidades.uprrp.edu\/literaturacomparada\/wp-content\/uploads\/sites\/6\/2025\/10\/kelvin-duran.png 834w\" sizes=\"(max-width: 660px) 100vw, 660px\" \/>\t\t\t\t\t\t\t\t\t\t\t\t\t\t\t<\/div>\n\t\t\t\t<\/div>\n\t\t\t\t<\/div>\n\t\t<div class=\"elementor-element elementor-element-40b5db6 e-con-full e-flex e-con e-child\" data-id=\"40b5db6\" data-element_type=\"container\" data-e-type=\"container\">\n\t\t\t\t<div class=\"elementor-element elementor-element-ac27ccc elementor-widget elementor-widget-text-editor\" data-id=\"ac27ccc\" data-element_type=\"widget\" data-e-type=\"widget\" data-widget_type=\"text-editor.default\">\n\t\t\t\t<div class=\"elementor-widget-container\">\n\t\t\t\t\t\t\t\t\t<p><strong>Kelvin Dur\u00e1n<\/strong> PhD, University of Pittsburgh, 2022. Poes\u00eda, literatura caribe\u00f1a y latinoamericana; filosof\u00eda, religi\u00f3n y cosmolog\u00edas ind\u00edgenas; traducci\u00f3n; m\u00fasica; relaci\u00f3n entre los periodos coloniales y los fen\u00f3menos contempor\u00e1neos; ciencias naturales y ocultas.<\/p>\t\t\t\t\t\t\t\t<\/div>\n\t\t\t\t<\/div>\n\t\t\t\t<\/div>\n\t\t\t\t\t<\/div>\n\t\t\t\t<\/div>\n\t\t<div class=\"elementor-element elementor-element-f9665fc e-flex e-con-boxed e-con e-parent\" data-id=\"f9665fc\" data-element_type=\"container\" data-e-type=\"container\">\n\t\t\t\t\t<div class=\"e-con-inner\">\n\t\t<div class=\"elementor-element elementor-element-df58ada e-con-full e-flex e-con e-child\" data-id=\"df58ada\" data-element_type=\"container\" data-e-type=\"container\">\n\t\t\t\t<div class=\"elementor-element elementor-element-902b4f6 elementor-widget elementor-widget-image\" data-id=\"902b4f6\" data-element_type=\"widget\" data-e-type=\"widget\" data-widget_type=\"image.default\">\n\t\t\t\t<div class=\"elementor-widget-container\">\n\t\t\t\t\t\t\t\t\t\t\t\t\t\t\t<img loading=\"lazy\" decoding=\"async\" width=\"660\" height=\"990\" src=\"https:\/\/humanidades.uprrp.edu\/literaturacomparada\/wp-content\/uploads\/sites\/6\/2025\/10\/rauli-683x1024.png\" class=\"attachment-large size-large wp-image-309\" alt=\"\" srcset=\"https:\/\/humanidades.uprrp.edu\/literaturacomparada\/wp-content\/uploads\/sites\/6\/2025\/10\/rauli-683x1024.png 683w, https:\/\/humanidades.uprrp.edu\/literaturacomparada\/wp-content\/uploads\/sites\/6\/2025\/10\/rauli-200x300.png 200w, https:\/\/humanidades.uprrp.edu\/literaturacomparada\/wp-content\/uploads\/sites\/6\/2025\/10\/rauli-768x1151.png 768w, https:\/\/humanidades.uprrp.edu\/literaturacomparada\/wp-content\/uploads\/sites\/6\/2025\/10\/rauli-700x1049.png 700w, https:\/\/humanidades.uprrp.edu\/literaturacomparada\/wp-content\/uploads\/sites\/6\/2025\/10\/rauli-332x498.png 332w, https:\/\/humanidades.uprrp.edu\/literaturacomparada\/wp-content\/uploads\/sites\/6\/2025\/10\/rauli-600x899.png 600w, https:\/\/humanidades.uprrp.edu\/literaturacomparada\/wp-content\/uploads\/sites\/6\/2025\/10\/rauli.png 834w\" sizes=\"(max-width: 660px) 100vw, 660px\" \/>\t\t\t\t\t\t\t\t\t\t\t\t\t\t\t<\/div>\n\t\t\t\t<\/div>\n\t\t\t\t<\/div>\n\t\t<div class=\"elementor-element elementor-element-9012a3b e-con-full e-flex e-con e-child\" data-id=\"9012a3b\" data-element_type=\"container\" data-e-type=\"container\">\n\t\t\t\t<div class=\"elementor-element elementor-element-6a0f8ad elementor-widget elementor-widget-text-editor\" data-id=\"6a0f8ad\" data-element_type=\"widget\" data-e-type=\"widget\" data-widget_type=\"text-editor.default\">\n\t\t\t\t<div class=\"elementor-widget-container\">\n\t\t\t\t\t\t\t\t\t<p><strong>Ra\u00fal Garriga<\/strong>\u00a0 &lt;<a href=\"mailto:raul.garrigabarbosa@upr.edu\">raul.garrigabarbosa@upr.edu<\/a>&gt;, PhD, University of Arkansas, 2022, profesor auxiliar. Siglos XIX y XX, filosof\u00eda, psicoan\u00e1lisis, teor\u00eda y cr\u00edtica literaria. Otros intereses: Jiu Jitsu, historia de las artes marciales, estudio del ajedrez.\u00a0\u00a0<\/p>\t\t\t\t\t\t\t\t<\/div>\n\t\t\t\t<\/div>\n\t\t\t\t<\/div>\n\t\t\t\t\t<\/div>\n\t\t\t\t<\/div>\n\t\t<div class=\"elementor-element elementor-element-0a5c14d e-flex e-con-boxed e-con e-parent\" data-id=\"0a5c14d\" data-element_type=\"container\" data-e-type=\"container\">\n\t\t\t\t\t<div class=\"e-con-inner\">\n\t\t<div class=\"elementor-element elementor-element-95c8f00 e-con-full e-flex e-con e-child\" data-id=\"95c8f00\" data-element_type=\"container\" data-e-type=\"container\">\n\t\t\t\t<div class=\"elementor-element elementor-element-9bc9c20 elementor-widget elementor-widget-image\" data-id=\"9bc9c20\" data-element_type=\"widget\" data-e-type=\"widget\" data-widget_type=\"image.default\">\n\t\t\t\t<div class=\"elementor-widget-container\">\n\t\t\t\t\t\t\t\t\t\t\t\t\t\t\t<img loading=\"lazy\" decoding=\"async\" width=\"660\" height=\"990\" src=\"https:\/\/humanidades.uprrp.edu\/literaturacomparada\/wp-content\/uploads\/sites\/6\/2025\/10\/rosa-maria-683x1024.png\" class=\"attachment-large size-large wp-image-310\" alt=\"\" srcset=\"https:\/\/humanidades.uprrp.edu\/literaturacomparada\/wp-content\/uploads\/sites\/6\/2025\/10\/rosa-maria-683x1024.png 683w, https:\/\/humanidades.uprrp.edu\/literaturacomparada\/wp-content\/uploads\/sites\/6\/2025\/10\/rosa-maria-200x300.png 200w, https:\/\/humanidades.uprrp.edu\/literaturacomparada\/wp-content\/uploads\/sites\/6\/2025\/10\/rosa-maria-768x1151.png 768w, https:\/\/humanidades.uprrp.edu\/literaturacomparada\/wp-content\/uploads\/sites\/6\/2025\/10\/rosa-maria-700x1049.png 700w, https:\/\/humanidades.uprrp.edu\/literaturacomparada\/wp-content\/uploads\/sites\/6\/2025\/10\/rosa-maria-332x498.png 332w, https:\/\/humanidades.uprrp.edu\/literaturacomparada\/wp-content\/uploads\/sites\/6\/2025\/10\/rosa-maria-600x899.png 600w, https:\/\/humanidades.uprrp.edu\/literaturacomparada\/wp-content\/uploads\/sites\/6\/2025\/10\/rosa-maria.png 834w\" sizes=\"(max-width: 660px) 100vw, 660px\" \/>\t\t\t\t\t\t\t\t\t\t\t\t\t\t\t<\/div>\n\t\t\t\t<\/div>\n\t\t\t\t<\/div>\n\t\t<div class=\"elementor-element elementor-element-6c941ec e-con-full e-flex e-con e-child\" data-id=\"6c941ec\" data-element_type=\"container\" data-e-type=\"container\">\n\t\t\t\t<div class=\"elementor-element elementor-element-c368386 elementor-widget elementor-widget-text-editor\" data-id=\"c368386\" data-element_type=\"widget\" data-e-type=\"widget\" data-widget_type=\"text-editor.default\">\n\t\t\t\t<div class=\"elementor-widget-container\">\n\t\t\t\t\t\t\t\t\t<div class=\"wp-block-columns\">\n<div class=\"wp-block-column\" style=\"flex-basis: 66.66%;\">\n<p><strong>Rosa Mar\u00eda Juarbe <\/strong>&lt;<a href=\"mailto:rosamaria.juarbe@upr.edu\">rosamaria.juarbe@upr.edu<\/a>&gt;, PhD State University of New York Stony Brook, 1998; literatura antigua, medieval y premoderna, literatura espa\u00f1ola y francesa, cultura popular, la mujer en la literatura.<\/p>\n<\/div>\n<\/div>\n<p><!-- \/wp:paragraph --><!-- wp:paragraph --><\/p>\n<p>\u00a0<\/p>\t\t\t\t\t\t\t\t<\/div>\n\t\t\t\t<\/div>\n\t\t\t\t<\/div>\n\t\t\t\t\t<\/div>\n\t\t\t\t<\/div>\n\t\t<div class=\"elementor-element elementor-element-bc4d364 e-flex e-con-boxed e-con e-parent\" data-id=\"bc4d364\" data-element_type=\"container\" data-e-type=\"container\">\n\t\t\t\t\t<div class=\"e-con-inner\">\n\t\t<div class=\"elementor-element elementor-element-dfd43b9 e-con-full e-flex e-con e-child\" data-id=\"dfd43b9\" data-element_type=\"container\" data-e-type=\"container\">\n\t\t\t\t<div class=\"elementor-element elementor-element-c305e74 elementor-widget elementor-widget-image\" data-id=\"c305e74\" data-element_type=\"widget\" data-e-type=\"widget\" data-widget_type=\"image.default\">\n\t\t\t\t<div class=\"elementor-widget-container\">\n\t\t\t\t\t\t\t\t\t\t\t\t\t\t\t<img loading=\"lazy\" decoding=\"async\" width=\"660\" height=\"990\" src=\"https:\/\/humanidades.uprrp.edu\/literaturacomparada\/wp-content\/uploads\/sites\/6\/2025\/10\/joel-morales-683x1024.png\" class=\"attachment-large size-large wp-image-316\" alt=\"\" srcset=\"https:\/\/humanidades.uprrp.edu\/literaturacomparada\/wp-content\/uploads\/sites\/6\/2025\/10\/joel-morales-683x1024.png 683w, https:\/\/humanidades.uprrp.edu\/literaturacomparada\/wp-content\/uploads\/sites\/6\/2025\/10\/joel-morales-200x300.png 200w, https:\/\/humanidades.uprrp.edu\/literaturacomparada\/wp-content\/uploads\/sites\/6\/2025\/10\/joel-morales-768x1151.png 768w, https:\/\/humanidades.uprrp.edu\/literaturacomparada\/wp-content\/uploads\/sites\/6\/2025\/10\/joel-morales-700x1049.png 700w, https:\/\/humanidades.uprrp.edu\/literaturacomparada\/wp-content\/uploads\/sites\/6\/2025\/10\/joel-morales-332x498.png 332w, https:\/\/humanidades.uprrp.edu\/literaturacomparada\/wp-content\/uploads\/sites\/6\/2025\/10\/joel-morales-600x899.png 600w, https:\/\/humanidades.uprrp.edu\/literaturacomparada\/wp-content\/uploads\/sites\/6\/2025\/10\/joel-morales.png 834w\" sizes=\"(max-width: 660px) 100vw, 660px\" \/>\t\t\t\t\t\t\t\t\t\t\t\t\t\t\t<\/div>\n\t\t\t\t<\/div>\n\t\t\t\t<\/div>\n\t\t<div class=\"elementor-element elementor-element-6cfab0e e-con-full e-flex e-con e-child\" data-id=\"6cfab0e\" data-element_type=\"container\" data-e-type=\"container\">\n\t\t\t\t<div class=\"elementor-element elementor-element-bb653e2 elementor-widget elementor-widget-text-editor\" data-id=\"bb653e2\" data-element_type=\"widget\" data-e-type=\"widget\" data-widget_type=\"text-editor.default\">\n\t\t\t\t<div class=\"elementor-widget-container\">\n\t\t\t\t\t\t\t\t\t<div class=\"wp-block-columns\">\n<div class=\"wp-block-column\" style=\"flex-basis: 66.66%;\">\n<p><strong>Joel Morales Rol\u00f3n<\/strong> &lt;<a href=\"mailto:joel.morales4@upr.edu\">joel.morales4@upr.edu<\/a>&gt;,\u00a0Egresado de la Universidad de Puerto Rico, Recinto de R\u00edo Piedras, donde obtuvo un bachillerato en Lenguas Modernas y una Maestr\u00eda en Literatura Comparada con la tesis\u00a0<em>La intermitencia del desecho: cuerpos a la intemperie en la narrativa<\/em>\u00a0<em>puertorrique\u00f1a contempor\u00e1nea.<\/em><\/p>\n<\/div>\n<\/div>\n<p><!-- \/wp:paragraph --><!-- wp:paragraph --><\/p>\n<p>\u00a0<\/p>\t\t\t\t\t\t\t\t<\/div>\n\t\t\t\t<\/div>\n\t\t\t\t<\/div>\n\t\t\t\t\t<\/div>\n\t\t\t\t<\/div>\n\t\t<div class=\"elementor-element elementor-element-85a48b5 e-flex e-con-boxed e-con e-parent\" data-id=\"85a48b5\" data-element_type=\"container\" data-e-type=\"container\">\n\t\t\t\t\t<div class=\"e-con-inner\">\n\t\t<div class=\"elementor-element elementor-element-0bbef13 e-con-full e-flex e-con e-child\" data-id=\"0bbef13\" data-element_type=\"container\" data-e-type=\"container\">\n\t\t\t\t<div class=\"elementor-element elementor-element-db2a04a elementor-widget elementor-widget-image\" data-id=\"db2a04a\" data-element_type=\"widget\" data-e-type=\"widget\" data-widget_type=\"image.default\">\n\t\t\t\t<div class=\"elementor-widget-container\">\n\t\t\t\t\t\t\t\t\t\t\t\t\t\t\t<img loading=\"lazy\" decoding=\"async\" width=\"660\" height=\"990\" src=\"https:\/\/humanidades.uprrp.edu\/literaturacomparada\/wp-content\/uploads\/sites\/6\/2025\/10\/juan-otero-683x1024.png\" class=\"attachment-large size-large wp-image-303\" alt=\"\" srcset=\"https:\/\/humanidades.uprrp.edu\/literaturacomparada\/wp-content\/uploads\/sites\/6\/2025\/10\/juan-otero-683x1024.png 683w, https:\/\/humanidades.uprrp.edu\/literaturacomparada\/wp-content\/uploads\/sites\/6\/2025\/10\/juan-otero-200x300.png 200w, https:\/\/humanidades.uprrp.edu\/literaturacomparada\/wp-content\/uploads\/sites\/6\/2025\/10\/juan-otero-768x1151.png 768w, https:\/\/humanidades.uprrp.edu\/literaturacomparada\/wp-content\/uploads\/sites\/6\/2025\/10\/juan-otero-700x1049.png 700w, https:\/\/humanidades.uprrp.edu\/literaturacomparada\/wp-content\/uploads\/sites\/6\/2025\/10\/juan-otero-332x498.png 332w, https:\/\/humanidades.uprrp.edu\/literaturacomparada\/wp-content\/uploads\/sites\/6\/2025\/10\/juan-otero-600x899.png 600w, https:\/\/humanidades.uprrp.edu\/literaturacomparada\/wp-content\/uploads\/sites\/6\/2025\/10\/juan-otero.png 834w\" sizes=\"(max-width: 660px) 100vw, 660px\" \/>\t\t\t\t\t\t\t\t\t\t\t\t\t\t\t<\/div>\n\t\t\t\t<\/div>\n\t\t\t\t<\/div>\n\t\t<div class=\"elementor-element elementor-element-e51de66 e-con-full e-flex e-con e-child\" data-id=\"e51de66\" data-element_type=\"container\" data-e-type=\"container\">\n\t\t\t\t<div class=\"elementor-element elementor-element-f37cfb9 elementor-widget elementor-widget-text-editor\" data-id=\"f37cfb9\" data-element_type=\"widget\" data-e-type=\"widget\" data-widget_type=\"text-editor.default\">\n\t\t\t\t<div class=\"elementor-widget-container\">\n\t\t\t\t\t\t\t\t\t<div class=\"wp-block-columns\">\n<div class=\"wp-block-column\" style=\"flex-basis: 66.66%;\">\n<p><a href=\"https:\/\/upr.academia.edu\/JuanOteroGarab%C3%ADs\"><strong>Juan Otero Garab\u00eds<\/strong><\/a>, PhD, Harvard University, 1998, Catedr\u00e1tico del Departamento de Estudios Hisp\u00e1nicos.\u00a0Literatura puertorrique\u00f1a y caribe\u00f1a; estudios culturales; literatura y m\u00fasica popular.<\/p>\n<p><!-- \/wp:paragraph --><!-- wp:paragraph --><\/p>\n<p>\u00a0<\/p>\n<\/div>\n<\/div>\n<p><!-- \/wp:paragraph --><!-- wp:paragraph --><\/p>\n<p>\u00a0<\/p>\t\t\t\t\t\t\t\t<\/div>\n\t\t\t\t<\/div>\n\t\t\t\t<\/div>\n\t\t\t\t\t<\/div>\n\t\t\t\t<\/div>\n\t\t<div class=\"elementor-element elementor-element-8b4a2d2 e-flex e-con-boxed e-con e-parent\" data-id=\"8b4a2d2\" data-element_type=\"container\" data-e-type=\"container\">\n\t\t\t\t\t<div class=\"e-con-inner\">\n\t\t<div class=\"elementor-element elementor-element-5d2321e e-con-full e-flex e-con e-child\" data-id=\"5d2321e\" data-element_type=\"container\" data-e-type=\"container\">\n\t\t\t\t<div class=\"elementor-element elementor-element-899026b elementor-widget elementor-widget-image\" data-id=\"899026b\" data-element_type=\"widget\" data-e-type=\"widget\" data-widget_type=\"image.default\">\n\t\t\t\t<div class=\"elementor-widget-container\">\n\t\t\t\t\t\t\t\t\t\t\t\t\t\t\t<img loading=\"lazy\" decoding=\"async\" width=\"660\" height=\"990\" src=\"https:\/\/humanidades.uprrp.edu\/literaturacomparada\/wp-content\/uploads\/sites\/6\/2025\/10\/antoine-683x1024.png\" class=\"attachment-large size-large wp-image-311\" alt=\"\" srcset=\"https:\/\/humanidades.uprrp.edu\/literaturacomparada\/wp-content\/uploads\/sites\/6\/2025\/10\/antoine-683x1024.png 683w, https:\/\/humanidades.uprrp.edu\/literaturacomparada\/wp-content\/uploads\/sites\/6\/2025\/10\/antoine-200x300.png 200w, https:\/\/humanidades.uprrp.edu\/literaturacomparada\/wp-content\/uploads\/sites\/6\/2025\/10\/antoine-768x1151.png 768w, https:\/\/humanidades.uprrp.edu\/literaturacomparada\/wp-content\/uploads\/sites\/6\/2025\/10\/antoine-700x1049.png 700w, https:\/\/humanidades.uprrp.edu\/literaturacomparada\/wp-content\/uploads\/sites\/6\/2025\/10\/antoine-332x498.png 332w, https:\/\/humanidades.uprrp.edu\/literaturacomparada\/wp-content\/uploads\/sites\/6\/2025\/10\/antoine-600x899.png 600w, https:\/\/humanidades.uprrp.edu\/literaturacomparada\/wp-content\/uploads\/sites\/6\/2025\/10\/antoine.png 834w\" sizes=\"(max-width: 660px) 100vw, 660px\" \/>\t\t\t\t\t\t\t\t\t\t\t\t\t\t\t<\/div>\n\t\t\t\t<\/div>\n\t\t\t\t<\/div>\n\t\t<div class=\"elementor-element elementor-element-d463440 e-con-full e-flex e-con e-child\" data-id=\"d463440\" data-element_type=\"container\" data-e-type=\"container\">\n\t\t\t\t<div class=\"elementor-element elementor-element-46a2103 elementor-widget elementor-widget-text-editor\" data-id=\"46a2103\" data-element_type=\"widget\" data-e-type=\"widget\" data-widget_type=\"text-editor.default\">\n\t\t\t\t<div class=\"elementor-widget-container\">\n\t\t\t\t\t\t\t\t\t<div class=\"wp-block-columns\">\n<div class=\"wp-block-column\" style=\"flex-basis: 66.66%;\">\n<p><strong>Antoine Philippe<\/strong> &lt;<a href=\"mailto:antoine.philippe@upr.edu\">antoine.philippe@upr.edu<\/a>&gt;, PhD, University of California at Irvine, 2002, Catedr\u00e1tico del Departamento de Lenguas Extranjeras. Cultura y cine franceses contempor\u00e1neos; teor\u00eda literaria; literatura comparada; ling\u00fc\u00edstica.<\/p>\n<p><!-- \/wp:paragraph --><!-- wp:paragraph --><\/p>\n<p>\u00a0<\/p>\n<\/div>\n<\/div>\n<p><!-- \/wp:paragraph --><!-- wp:paragraph --><\/p>\n<p>\u00a0<\/p>\t\t\t\t\t\t\t\t<\/div>\n\t\t\t\t<\/div>\n\t\t\t\t<\/div>\n\t\t\t\t\t<\/div>\n\t\t\t\t<\/div>\n\t\t<div class=\"elementor-element elementor-element-cf10d6f e-flex e-con-boxed e-con e-parent\" data-id=\"cf10d6f\" data-element_type=\"container\" data-e-type=\"container\">\n\t\t\t\t\t<div class=\"e-con-inner\">\n\t\t<div class=\"elementor-element elementor-element-c89812e e-con-full e-flex e-con e-child\" data-id=\"c89812e\" data-element_type=\"container\" data-e-type=\"container\">\n\t\t\t\t<div class=\"elementor-element elementor-element-816f0b0 elementor-widget elementor-widget-image\" data-id=\"816f0b0\" data-element_type=\"widget\" data-e-type=\"widget\" data-widget_type=\"image.default\">\n\t\t\t\t<div class=\"elementor-widget-container\">\n\t\t\t\t\t\t\t\t\t\t\t\t\t\t\t<img loading=\"lazy\" decoding=\"async\" width=\"660\" height=\"990\" src=\"https:\/\/humanidades.uprrp.edu\/literaturacomparada\/wp-content\/uploads\/sites\/6\/2025\/10\/emmanuel-683x1024.png\" class=\"attachment-large size-large wp-image-314\" alt=\"\" srcset=\"https:\/\/humanidades.uprrp.edu\/literaturacomparada\/wp-content\/uploads\/sites\/6\/2025\/10\/emmanuel-683x1024.png 683w, https:\/\/humanidades.uprrp.edu\/literaturacomparada\/wp-content\/uploads\/sites\/6\/2025\/10\/emmanuel-200x300.png 200w, https:\/\/humanidades.uprrp.edu\/literaturacomparada\/wp-content\/uploads\/sites\/6\/2025\/10\/emmanuel-768x1151.png 768w, https:\/\/humanidades.uprrp.edu\/literaturacomparada\/wp-content\/uploads\/sites\/6\/2025\/10\/emmanuel-700x1049.png 700w, https:\/\/humanidades.uprrp.edu\/literaturacomparada\/wp-content\/uploads\/sites\/6\/2025\/10\/emmanuel-332x498.png 332w, https:\/\/humanidades.uprrp.edu\/literaturacomparada\/wp-content\/uploads\/sites\/6\/2025\/10\/emmanuel-600x899.png 600w, https:\/\/humanidades.uprrp.edu\/literaturacomparada\/wp-content\/uploads\/sites\/6\/2025\/10\/emmanuel.png 834w\" sizes=\"(max-width: 660px) 100vw, 660px\" \/>\t\t\t\t\t\t\t\t\t\t\t\t\t\t\t<\/div>\n\t\t\t\t<\/div>\n\t\t\t\t<\/div>\n\t\t<div class=\"elementor-element elementor-element-a122b7d e-con-full e-flex e-con e-child\" data-id=\"a122b7d\" data-element_type=\"container\" data-e-type=\"container\">\n\t\t\t\t<div class=\"elementor-element elementor-element-6f4d089 elementor-widget elementor-widget-text-editor\" data-id=\"6f4d089\" data-element_type=\"widget\" data-e-type=\"widget\" data-widget_type=\"text-editor.default\">\n\t\t\t\t<div class=\"elementor-widget-container\">\n\t\t\t\t\t\t\t\t\t<div class=\"wp-block-columns\">\n<div class=\"wp-block-column\" style=\"flex-basis: 66.66%;\">\n<p><strong>Emmanuel Ram\u00edrez Nieves <\/strong>&lt;<a href=\"mailto:emmanuel.ramirez2@upr.edu\" target=\"_blank\" rel=\"noreferrer noopener\">emmanuel.ramirez2@upr.edu<\/a>&gt;, PhD., Harvard University, 2015. Entre sus intereses de investigaci\u00f3n se encuentran las literaturas y culturas hisp\u00e1nicas de la Edad Media y la modernidad temprana;<strong>\u00a0<\/strong>literatura y religi\u00f3n; humor y literatura.<\/p>\n<p><!-- \/wp:paragraph --><!-- wp:paragraph --><\/p>\n<p>\u00a0<\/p>\n<p><!-- \/wp:paragraph --><!-- wp:paragraph --><\/p>\n<p>\u00a0<\/p>\n<\/div>\n<\/div>\n<p><!-- \/wp:paragraph --><!-- wp:paragraph --><\/p>\n<p>\u00a0<\/p>\t\t\t\t\t\t\t\t<\/div>\n\t\t\t\t<\/div>\n\t\t\t\t<\/div>\n\t\t\t\t\t<\/div>\n\t\t\t\t<\/div>\n\t\t<div class=\"elementor-element elementor-element-b1a6924 e-flex e-con-boxed e-con e-parent\" data-id=\"b1a6924\" data-element_type=\"container\" data-e-type=\"container\">\n\t\t\t\t\t<div class=\"e-con-inner\">\n\t\t<div class=\"elementor-element elementor-element-88a9d0a e-con-full e-flex e-con e-child\" data-id=\"88a9d0a\" data-element_type=\"container\" data-e-type=\"container\">\n\t\t\t\t<div class=\"elementor-element elementor-element-0ed5806 elementor-widget elementor-widget-image\" data-id=\"0ed5806\" data-element_type=\"widget\" data-e-type=\"widget\" data-widget_type=\"image.default\">\n\t\t\t\t<div class=\"elementor-widget-container\">\n\t\t\t\t\t\t\t\t\t\t\t\t\t\t\t<img loading=\"lazy\" decoding=\"async\" width=\"660\" height=\"990\" src=\"https:\/\/humanidades.uprrp.edu\/literaturacomparada\/wp-content\/uploads\/sites\/6\/2025\/10\/julio-ramos-683x1024.png\" class=\"attachment-large size-large wp-image-304\" alt=\"\" srcset=\"https:\/\/humanidades.uprrp.edu\/literaturacomparada\/wp-content\/uploads\/sites\/6\/2025\/10\/julio-ramos-683x1024.png 683w, https:\/\/humanidades.uprrp.edu\/literaturacomparada\/wp-content\/uploads\/sites\/6\/2025\/10\/julio-ramos-200x300.png 200w, https:\/\/humanidades.uprrp.edu\/literaturacomparada\/wp-content\/uploads\/sites\/6\/2025\/10\/julio-ramos-768x1151.png 768w, https:\/\/humanidades.uprrp.edu\/literaturacomparada\/wp-content\/uploads\/sites\/6\/2025\/10\/julio-ramos-700x1049.png 700w, https:\/\/humanidades.uprrp.edu\/literaturacomparada\/wp-content\/uploads\/sites\/6\/2025\/10\/julio-ramos-332x498.png 332w, https:\/\/humanidades.uprrp.edu\/literaturacomparada\/wp-content\/uploads\/sites\/6\/2025\/10\/julio-ramos-600x899.png 600w, https:\/\/humanidades.uprrp.edu\/literaturacomparada\/wp-content\/uploads\/sites\/6\/2025\/10\/julio-ramos.png 834w\" sizes=\"(max-width: 660px) 100vw, 660px\" \/>\t\t\t\t\t\t\t\t\t\t\t\t\t\t\t<\/div>\n\t\t\t\t<\/div>\n\t\t\t\t<\/div>\n\t\t<div class=\"elementor-element elementor-element-8cec3e1 e-con-full e-flex e-con e-child\" data-id=\"8cec3e1\" data-element_type=\"container\" data-e-type=\"container\">\n\t\t\t\t<div class=\"elementor-element elementor-element-8a4dda1 elementor-widget elementor-widget-text-editor\" data-id=\"8a4dda1\" data-element_type=\"widget\" data-e-type=\"widget\" data-widget_type=\"text-editor.default\">\n\t\t\t\t<div class=\"elementor-widget-container\">\n\t\t\t\t\t\t\t\t\t<div class=\"wp-block-columns\">\n<div class=\"wp-block-column\" style=\"flex-basis: 66.66%;\">\n<p><strong>Julio Ramos<\/strong>, PhD., Princeton University, 1985, Profesor Em\u00e9rito de Espa\u00f1ol y Portugu\u00e9s, UC Berkeley.<\/p>\n<p><!-- \/wp:paragraph --><!-- wp:paragraph --><\/p>\n<p>\u00a0<\/p>\n<p><!-- \/wp:paragraph --><!-- wp:paragraph --><\/p>\n<p>\u00a0<\/p>\n<\/div>\n<\/div>\n<p><!-- \/wp:paragraph --><!-- wp:paragraph --><\/p>\n<p>\u00a0<\/p>\t\t\t\t\t\t\t\t<\/div>\n\t\t\t\t<\/div>\n\t\t\t\t<\/div>\n\t\t\t\t\t<\/div>\n\t\t\t\t<\/div>\n\t\t<div class=\"elementor-element elementor-element-1e4ed5f e-flex e-con-boxed e-con e-parent\" data-id=\"1e4ed5f\" data-element_type=\"container\" data-e-type=\"container\">\n\t\t\t\t\t<div class=\"e-con-inner\">\n\t\t<div class=\"elementor-element elementor-element-caa6706 e-con-full e-flex e-con e-child\" data-id=\"caa6706\" data-element_type=\"container\" data-e-type=\"container\">\n\t\t\t\t<div class=\"elementor-element elementor-element-7416e4d elementor-widget elementor-widget-image\" data-id=\"7416e4d\" data-element_type=\"widget\" data-e-type=\"widget\" data-widget_type=\"image.default\">\n\t\t\t\t<div class=\"elementor-widget-container\">\n\t\t\t\t\t\t\t\t\t\t\t\t\t\t\t<img loading=\"lazy\" decoding=\"async\" width=\"660\" height=\"990\" src=\"https:\/\/humanidades.uprrp.edu\/literaturacomparada\/wp-content\/uploads\/sites\/6\/2025\/10\/damari-683x1024.png\" class=\"attachment-large size-large wp-image-313\" alt=\"\" srcset=\"https:\/\/humanidades.uprrp.edu\/literaturacomparada\/wp-content\/uploads\/sites\/6\/2025\/10\/damari-683x1024.png 683w, https:\/\/humanidades.uprrp.edu\/literaturacomparada\/wp-content\/uploads\/sites\/6\/2025\/10\/damari-200x300.png 200w, https:\/\/humanidades.uprrp.edu\/literaturacomparada\/wp-content\/uploads\/sites\/6\/2025\/10\/damari-768x1151.png 768w, https:\/\/humanidades.uprrp.edu\/literaturacomparada\/wp-content\/uploads\/sites\/6\/2025\/10\/damari-700x1049.png 700w, https:\/\/humanidades.uprrp.edu\/literaturacomparada\/wp-content\/uploads\/sites\/6\/2025\/10\/damari-332x498.png 332w, https:\/\/humanidades.uprrp.edu\/literaturacomparada\/wp-content\/uploads\/sites\/6\/2025\/10\/damari-600x899.png 600w, https:\/\/humanidades.uprrp.edu\/literaturacomparada\/wp-content\/uploads\/sites\/6\/2025\/10\/damari.png 834w\" sizes=\"(max-width: 660px) 100vw, 660px\" \/>\t\t\t\t\t\t\t\t\t\t\t\t\t\t\t<\/div>\n\t\t\t\t<\/div>\n\t\t\t\t<\/div>\n\t\t<div class=\"elementor-element elementor-element-ba552ad e-con-full e-flex e-con e-child\" data-id=\"ba552ad\" data-element_type=\"container\" data-e-type=\"container\">\n\t\t\t\t<div class=\"elementor-element elementor-element-4912499 elementor-widget elementor-widget-text-editor\" data-id=\"4912499\" data-element_type=\"widget\" data-e-type=\"widget\" data-widget_type=\"text-editor.default\">\n\t\t\t\t<div class=\"elementor-widget-container\">\n\t\t\t\t\t\t\t\t\t<p><strong>Ada M.\u00a0Vilar<\/strong>\u00a0&lt;<a href=\"mailto:ada.vilar@upr.edu\">ada.vilar@upr.edu<\/a>&gt;, DML, Middlebury College, Catedr\u00e1tica, jubilada del Departamento de Lenguas Extranjeras y el Departamento de Literatura Comparada.\u00a0Literatura francesa, teor\u00eda literaria, narratolog\u00eda.<\/p>\t\t\t\t\t\t\t\t<\/div>\n\t\t\t\t<\/div>\n\t\t\t\t<\/div>\n\t\t\t\t\t<\/div>\n\t\t\t\t<\/div>\n\t\t<div class=\"elementor-element elementor-element-6c7179ed e-flex e-con-boxed e-con e-parent\" data-id=\"6c7179ed\" data-element_type=\"container\" data-e-type=\"container\">\n\t\t\t\t\t<div class=\"e-con-inner\">\n\t\t\t\t\t<\/div>\n\t\t\t\t<\/div>\n\t\t\t\t<\/div>\n\t\t","protected":false},"excerpt":{"rendered":"<p>Elidio La Torre Lagares,\u00a0&lt;elidio.latorre@upr.edu&gt;, PhD, Universidad de Puerto Rico, R\u00edo Piedras, 1996; MFA de la Universidad de Texas-El Paso, 2016; Catedr\u00e1tico asociado. Literatura Comparada, Literatura del Caribe e Hispanoam\u00e9rica, novela negra, narrativa y arte en la cultura transmedi\u00e1tica, posthumanismo, deconstruccionismo, escritura creativa. Noel Luna Rodr\u00edguez, &lt;noel.luna@upr.edu&gt;, PhD, Princeton University, 2001, &#8230;<\/p>\n","protected":false},"author":2,"featured_media":0,"parent":0,"menu_order":0,"comment_status":"closed","ping_status":"closed","template":"","meta":{"_eb_attr":"","_monsterinsights_skip_tracking":false,"_monsterinsights_sitenote_active":false,"_monsterinsights_sitenote_note":"","_monsterinsights_sitenote_category":0,"footnotes":""},"class_list":["post-29","page","type-page","status-publish","hentry","column","twocol"],"_links":{"self":[{"href":"https:\/\/humanidades.uprrp.edu\/literaturacomparada\/wp-json\/wp\/v2\/pages\/29","targetHints":{"allow":["GET"]}}],"collection":[{"href":"https:\/\/humanidades.uprrp.edu\/literaturacomparada\/wp-json\/wp\/v2\/pages"}],"about":[{"href":"https:\/\/humanidades.uprrp.edu\/literaturacomparada\/wp-json\/wp\/v2\/types\/page"}],"author":[{"embeddable":true,"href":"https:\/\/humanidades.uprrp.edu\/literaturacomparada\/wp-json\/wp\/v2\/users\/2"}],"replies":[{"embeddable":true,"href":"https:\/\/humanidades.uprrp.edu\/literaturacomparada\/wp-json\/wp\/v2\/comments?post=29"}],"version-history":[{"count":31,"href":"https:\/\/humanidades.uprrp.edu\/literaturacomparada\/wp-json\/wp\/v2\/pages\/29\/revisions"}],"predecessor-version":[{"id":345,"href":"https:\/\/humanidades.uprrp.edu\/literaturacomparada\/wp-json\/wp\/v2\/pages\/29\/revisions\/345"}],"wp:attachment":[{"href":"https:\/\/humanidades.uprrp.edu\/literaturacomparada\/wp-json\/wp\/v2\/media?parent=29"}],"curies":[{"name":"wp","href":"https:\/\/api.w.org\/{rel}","templated":true}]}}