{"id":482,"date":"2013-03-21T13:43:55","date_gmt":"2013-03-21T13:43:55","guid":{"rendered":"http:\/\/humanidades.uprrp.edu\/historiadelarte\/?page_id=482"},"modified":"2026-02-13T20:08:38","modified_gmt":"2026-02-13T20:08:38","slug":"482-2","status":"publish","type":"page","link":"https:\/\/humanidades.uprrp.edu\/historiadelarte\/","title":{"rendered":"Sobre Nosotros"},"content":{"rendered":"\t\t<div data-elementor-type=\"wp-page\" data-elementor-id=\"482\" class=\"elementor elementor-482\">\n\t\t\t\t<div class=\"elementor-element elementor-element-4a547888 e-flex e-con-boxed e-con e-parent\" data-id=\"4a547888\" data-element_type=\"container\" data-e-type=\"container\">\n\t\t\t\t\t<div class=\"e-con-inner\">\n\t\t\t\t<div class=\"elementor-element elementor-element-373030f elementor-widget elementor-widget-image\" data-id=\"373030f\" data-element_type=\"widget\" data-e-type=\"widget\" data-widget_type=\"image.default\">\n\t\t\t\t\t\t\t\t\t\t\t\t\t\t\t<img fetchpriority=\"high\" decoding=\"async\" width=\"2560\" height=\"853\" src=\"https:\/\/humanidades.uprrp.edu\/historiadelarte\/wp-content\/uploads\/2026\/02\/Ad-pagina-del-programa-scaled.jpg\" class=\"attachment-full size-full wp-image-914\" alt=\"\" srcset=\"https:\/\/humanidades.uprrp.edu\/historiadelarte\/wp-content\/uploads\/2026\/02\/Ad-pagina-del-programa-scaled.jpg 2560w, https:\/\/humanidades.uprrp.edu\/historiadelarte\/wp-content\/uploads\/2026\/02\/Ad-pagina-del-programa-300x100.jpg 300w, https:\/\/humanidades.uprrp.edu\/historiadelarte\/wp-content\/uploads\/2026\/02\/Ad-pagina-del-programa-1024x341.jpg 1024w, https:\/\/humanidades.uprrp.edu\/historiadelarte\/wp-content\/uploads\/2026\/02\/Ad-pagina-del-programa-768x256.jpg 768w, https:\/\/humanidades.uprrp.edu\/historiadelarte\/wp-content\/uploads\/2026\/02\/Ad-pagina-del-programa-1536x512.jpg 1536w, https:\/\/humanidades.uprrp.edu\/historiadelarte\/wp-content\/uploads\/2026\/02\/Ad-pagina-del-programa-2048x683.jpg 2048w, https:\/\/humanidades.uprrp.edu\/historiadelarte\/wp-content\/uploads\/2026\/02\/Ad-pagina-del-programa-700x233.jpg 700w, https:\/\/humanidades.uprrp.edu\/historiadelarte\/wp-content\/uploads\/2026\/02\/Ad-pagina-del-programa-332x111.jpg 332w\" sizes=\"(max-width: 2560px) 100vw, 2560px\" \/>\t\t\t\t\t\t\t\t\t\t\t\t\t\t\t<\/div>\n\t\t\t\t\t<\/div>\n\t\t\t\t<\/div>\n\t\t<div class=\"elementor-element elementor-element-f81743f e-flex e-con-boxed e-con e-parent\" data-id=\"f81743f\" data-element_type=\"container\" data-e-type=\"container\">\n\t\t\t\t\t<div class=\"e-con-inner\">\n\t\t\t\t<div class=\"elementor-element elementor-element-f686a7c elementor-widget elementor-widget-text-editor\" data-id=\"f686a7c\" data-element_type=\"widget\" data-e-type=\"widget\" data-widget_type=\"text-editor.default\">\n\t\t\t\t\t\t\t\t\t<p>El Programa de Historia del Arte fue creado en 1967 y opera como un Programa independiente desde el 2009. Cuenta con dos \u00e1reas de \u00e9nfasis: <em><strong>Historia General del Arte Occidental<\/strong><\/em>, y <strong><em>Arte del Caribe y Am\u00e9rica Latina<\/em>.<\/strong> Se trata de un programa subgraduado \u00fanico en el sistema de la Universidad de Puerto Rico, que le ofrece al estudiantado una formaci\u00f3n en el an\u00e1lisis e interpretaci\u00f3n de la cultura visual, las pr\u00e1cticas art\u00edsticas y la arquitectura. El Programa de Historia del Arte enfatiza las corrientes, \u00e9pocas y teor\u00edas m\u00e1s importantes de la disciplina, as\u00ed como el desarrollo de destrezas de investigaci\u00f3n y de pensamiento cr\u00edtico por parte de los estudiantes. Ofrece adem\u00e1s una formaci\u00f3n amplia y continua a la comunidad universitaria y al p\u00fablico general, a trav\u00e9s de cursos de contenido de educaci\u00f3n general, su calendario de actividades, sus publicaciones, la Galer\u00eda de Arte Francisco Oller y la colecci\u00f3n del Seminario de Historia del Arte. Nuestros profesores est\u00e1n comprometidos con el desarrollo de nuestros estudiantes y sirven de mentores en diversidad de proyectos e iniciativas.<\/p>\t\t\t\t\t\t\t\t<\/div>\n\t\t\t\t\t<\/div>\n\t\t\t\t<\/div>\n\t\t<div class=\"elementor-element elementor-element-a5e0bca e-flex e-con-boxed e-con e-parent\" data-id=\"a5e0bca\" data-element_type=\"container\" data-e-type=\"container\">\n\t\t\t\t\t<div class=\"e-con-inner\">\n\t\t<div class=\"elementor-element elementor-element-b4af74f e-con-full e-flex e-con e-child\" data-id=\"b4af74f\" data-element_type=\"container\" data-e-type=\"container\">\n\t\t\t\t<div class=\"elementor-element elementor-element-33db209 elementor-widget__width-initial elementor-widget elementor-widget-image\" data-id=\"33db209\" data-element_type=\"widget\" data-e-type=\"widget\" data-widget_type=\"image.default\">\n\t\t\t\t\t\t\t\t\t\t\t\t<figure class=\"wp-caption\">\n\t\t\t\t\t\t\t\t\t\t<img decoding=\"async\" width=\"300\" height=\"663\" src=\"https:\/\/humanidades.uprrp.edu\/historiadelarte\/wp-content\/uploads\/2013\/03\/El_agricultor_1960_Museo_de_Arte_de_Puerto_Rico.jpg\" class=\"attachment-medium_large size-medium_large wp-image-456\" alt=\"\" \/>\t\t\t\t\t\t\t\t\t\t\t<figcaption class=\"widget-image-caption wp-caption-text\">El agricultor de Augusto Mar\u00edn<\/figcaption>\n\t\t\t\t\t\t\t\t\t\t<\/figure>\n\t\t\t\t\t\t\t\t\t<\/div>\n\t\t\t\t<\/div>\n\t\t<div class=\"elementor-element elementor-element-5854ae0 e-con-full e-flex e-con e-child\" data-id=\"5854ae0\" data-element_type=\"container\" data-e-type=\"container\">\n\t\t\t\t<div class=\"elementor-element elementor-element-e981fdf elementor-widget elementor-widget-text-editor\" data-id=\"e981fdf\" data-element_type=\"widget\" data-e-type=\"widget\" data-widget_type=\"text-editor.default\">\n\t\t\t\t\t\t\t\t\t<figure class=\"wp-block-image alignleft size-medium is-resized\">\n<figcaption class=\"wp-element-caption\"><\/figcaption>\nEl Programa de Historia del Arte promueve la responsabilidad social y la inclusi\u00f3n de la disciplina en la formaci\u00f3n integral del estudiantado, entendiendo el arte como una manifestaci\u00f3n que les pone en contacto con problemas y discusiones inherentes al ser humano. Al completar un bachillerato en Historia del Arte, nuestros estudiantes son capaces de manejar las principales metodolog\u00edas de la disciplina. Nuestro Programa valora el aprendizaje profesional y brinda al estudiantado aprendizaje activo mediante clases, internados y oportunidades para desarrollarse en \u00e1reas como la cr\u00edtica del arte, la museolog\u00eda y la curadur\u00eda. El Programa prepara a los estudiantes con la calidad necesaria para poder acceder a becas nacionales e internacionales. Los egresados del Programa (tanto en primera como en segunda concentraci\u00f3n) son aceptados en programas internacionales de maestr\u00eda y de doctorado de gran prestigio, la mayor\u00eda con becas totales o parciales (Oxford University, University of Illinois, New York University, The City University of New York, George Washington University, Berkeley University, University of London, Massachusetts University, University of Pennsylvania, University of Virginia, Universidad Aut\u00f3noma y Universidad Complutense de Madrid, Universidad de Salamanca, etc.). Algunos de nuestros egresados, adem\u00e1s, ocupan actualmente cargos de responsabilidad en el \u00e1rea de museolog\u00eda y realizan curadur\u00edas tanto en Puerto Rico como en Estados Unidos. Los estudiantes de Historia del Arte cuentan con una asociaci\u00f3n de enorme dedicaci\u00f3n y actividad en el \u00e1mbito del recinto, la AEHA. La AEHA lidera una galer\u00eda estudiantil,\u00a0<strong>Flash Gallery<\/strong>, y una revista cibern\u00e9tica,\u00a0<strong>Puntos de Fuga<\/strong>. Adem\u00e1s, la Asociaci\u00f3n realiza numerosas actividades co-curriculares y sociales a lo largo del a\u00f1o.<\/figure>\t\t\t\t\t\t\t\t<\/div>\n\t\t\t\t<\/div>\n\t\t\t\t\t<\/div>\n\t\t\t\t<\/div>\n\t\t<div class=\"elementor-element elementor-element-2b579f6 e-flex e-con-boxed e-con e-parent\" data-id=\"2b579f6\" data-element_type=\"container\" data-e-type=\"container\">\n\t\t\t\t\t<div class=\"e-con-inner\">\n\t\t<div class=\"elementor-element elementor-element-fe5d318 e-con-full e-flex e-con e-child\" data-id=\"fe5d318\" data-element_type=\"container\" data-e-type=\"container\">\n\t\t\t\t<div class=\"elementor-element elementor-element-21daed6 elementor-widget elementor-widget-heading\" data-id=\"21daed6\" data-element_type=\"widget\" data-e-type=\"widget\" data-widget_type=\"heading.default\">\n\t\t\t\t\t<h2 class=\"elementor-heading-title elementor-size-default\">S\u00edguenos en las redes...<\/h2>\t\t\t\t<\/div>\n\t\t<div class=\"elementor-element elementor-element-062645a e-con-full e-flex e-con e-child\" data-id=\"062645a\" data-element_type=\"container\" data-e-type=\"container\">\n\t\t\t\t<div class=\"elementor-element elementor-element-5e92c59 elementor-shape-circle elementor-widget__width-initial elementor-grid-0 e-grid-align-center elementor-widget elementor-widget-social-icons\" data-id=\"5e92c59\" data-element_type=\"widget\" data-e-type=\"widget\" data-widget_type=\"social-icons.default\">\n\t\t\t\t\t\t\t<div class=\"elementor-social-icons-wrapper elementor-grid\" role=\"list\">\n\t\t\t\t\t\t\t<span class=\"elementor-grid-item\" role=\"listitem\">\n\t\t\t\t\t<a class=\"elementor-icon elementor-social-icon elementor-social-icon-instagram elementor-repeater-item-ae49333\" href=\"https:\/\/www.instagram.com\/historiadelarteuprrp\/\" target=\"_blank\">\n\t\t\t\t\t\t<span class=\"elementor-screen-only\">Instagram<\/span>\n\t\t\t\t\t\t<svg aria-hidden=\"true\" class=\"e-font-icon-svg e-fab-instagram\" viewBox=\"0 0 448 512\" xmlns=\"http:\/\/www.w3.org\/2000\/svg\"><path d=\"M224.1 141c-63.6 0-114.9 51.3-114.9 114.9s51.3 114.9 114.9 114.9S339 319.5 339 255.9 287.7 141 224.1 141zm0 189.6c-41.1 0-74.7-33.5-74.7-74.7s33.5-74.7 74.7-74.7 74.7 33.5 74.7 74.7-33.6 74.7-74.7 74.7zm146.4-194.3c0 14.9-12 26.8-26.8 26.8-14.9 0-26.8-12-26.8-26.8s12-26.8 26.8-26.8 26.8 12 26.8 26.8zm76.1 27.2c-1.7-35.9-9.9-67.7-36.2-93.9-26.2-26.2-58-34.4-93.9-36.2-37-2.1-147.9-2.1-184.9 0-35.8 1.7-67.6 9.9-93.9 36.1s-34.4 58-36.2 93.9c-2.1 37-2.1 147.9 0 184.9 1.7 35.9 9.9 67.7 36.2 93.9s58 34.4 93.9 36.2c37 2.1 147.9 2.1 184.9 0 35.9-1.7 67.7-9.9 93.9-36.2 26.2-26.2 34.4-58 36.2-93.9 2.1-37 2.1-147.8 0-184.8zM398.8 388c-7.8 19.6-22.9 34.7-42.6 42.6-29.5 11.7-99.5 9-132.1 9s-102.7 2.6-132.1-9c-19.6-7.8-34.7-22.9-42.6-42.6-11.7-29.5-9-99.5-9-132.1s-2.6-102.7 9-132.1c7.8-19.6 22.9-34.7 42.6-42.6 29.5-11.7 99.5-9 132.1-9s102.7-2.6 132.1 9c19.6 7.8 34.7 22.9 42.6 42.6 11.7 29.5 9 99.5 9 132.1s2.7 102.7-9 132.1z\"><\/path><\/svg>\t\t\t\t\t<\/a>\n\t\t\t\t<\/span>\n\t\t\t\t\t\t\t<span class=\"elementor-grid-item\" role=\"listitem\">\n\t\t\t\t\t<a class=\"elementor-icon elementor-social-icon elementor-social-icon-facebook elementor-repeater-item-000f4a0\" href=\"https:\/\/www.facebook.com\/historiadelarteuprrp\" target=\"_blank\">\n\t\t\t\t\t\t<span class=\"elementor-screen-only\">Facebook<\/span>\n\t\t\t\t\t\t<svg aria-hidden=\"true\" class=\"e-font-icon-svg e-fab-facebook\" viewBox=\"0 0 512 512\" xmlns=\"http:\/\/www.w3.org\/2000\/svg\"><path d=\"M504 256C504 119 393 8 256 8S8 119 8 256c0 123.78 90.69 226.38 209.25 245V327.69h-63V256h63v-54.64c0-62.15 37-96.48 93.67-96.48 27.14 0 55.52 4.84 55.52 4.84v61h-31.28c-30.8 0-40.41 19.12-40.41 38.73V256h68.78l-11 71.69h-57.78V501C413.31 482.38 504 379.78 504 256z\"><\/path><\/svg>\t\t\t\t\t<\/a>\n\t\t\t\t<\/span>\n\t\t\t\t\t<\/div>\n\t\t\t\t\t\t<\/div>\n\t\t\t\t<\/div>\n\t\t\t\t<\/div>\n\t\t\t\t<div class=\"elementor-element elementor-element-b16cfe9 elementor-widget elementor-widget-image\" data-id=\"b16cfe9\" data-element_type=\"widget\" data-e-type=\"widget\" data-widget_type=\"image.default\">\n\t\t\t\t\t\t\t\t\t\t\t\t\t\t\t\t<a href=\"https:\/\/humanidades.uprrp.edu\/historiadelarte\/?page_id=697\">\n\t\t\t\t\t\t\t<img decoding=\"async\" width=\"660\" height=\"214\" src=\"https:\/\/humanidades.uprrp.edu\/historiadelarte\/wp-content\/uploads\/2024\/09\/AEHA_LOGO-1024x332.png\" class=\"attachment-large size-large wp-image-740\" alt=\"\" srcset=\"https:\/\/humanidades.uprrp.edu\/historiadelarte\/wp-content\/uploads\/2024\/09\/AEHA_LOGO-1024x332.png 1024w, https:\/\/humanidades.uprrp.edu\/historiadelarte\/wp-content\/uploads\/2024\/09\/AEHA_LOGO-300x97.png 300w, https:\/\/humanidades.uprrp.edu\/historiadelarte\/wp-content\/uploads\/2024\/09\/AEHA_LOGO-768x249.png 768w, https:\/\/humanidades.uprrp.edu\/historiadelarte\/wp-content\/uploads\/2024\/09\/AEHA_LOGO-1536x497.png 1536w, https:\/\/humanidades.uprrp.edu\/historiadelarte\/wp-content\/uploads\/2024\/09\/AEHA_LOGO-2048x663.png 2048w, https:\/\/humanidades.uprrp.edu\/historiadelarte\/wp-content\/uploads\/2024\/09\/AEHA_LOGO-700x227.png 700w, https:\/\/humanidades.uprrp.edu\/historiadelarte\/wp-content\/uploads\/2024\/09\/AEHA_LOGO-332x107.png 332w\" sizes=\"(max-width: 660px) 100vw, 660px\" \/>\t\t\t\t\t\t\t\t<\/a>\n\t\t\t\t\t\t\t\t\t\t\t\t\t\t\t<\/div>\n\t\t\t\t\t<\/div>\n\t\t\t\t<\/div>\n\t\t\t\t<\/div>\n\t\t","protected":false},"excerpt":{"rendered":"<p>El Programa de Historia del Arte fue creado en 1967 y opera como un Programa independiente desde el 2009. Cuenta con dos \u00e1reas de \u00e9nfasis: Historia General del Arte Occidental, y Arte del Caribe y Am\u00e9rica Latina. Se trata de un programa subgraduado \u00fanico en el sistema de la Universidad &#8230;<\/p>\n","protected":false},"author":3,"featured_media":0,"parent":0,"menu_order":0,"comment_status":"closed","ping_status":"open","template":"template-full-width.php","meta":{"footnotes":""},"class_list":["post-482","page","type-page","status-publish","hentry","column","twocol"],"_links":{"self":[{"href":"https:\/\/humanidades.uprrp.edu\/historiadelarte\/index.php?rest_route=\/wp\/v2\/pages\/482","targetHints":{"allow":["GET"]}}],"collection":[{"href":"https:\/\/humanidades.uprrp.edu\/historiadelarte\/index.php?rest_route=\/wp\/v2\/pages"}],"about":[{"href":"https:\/\/humanidades.uprrp.edu\/historiadelarte\/index.php?rest_route=\/wp\/v2\/types\/page"}],"author":[{"embeddable":true,"href":"https:\/\/humanidades.uprrp.edu\/historiadelarte\/index.php?rest_route=\/wp\/v2\/users\/3"}],"replies":[{"embeddable":true,"href":"https:\/\/humanidades.uprrp.edu\/historiadelarte\/index.php?rest_route=%2Fwp%2Fv2%2Fcomments&post=482"}],"version-history":[{"count":51,"href":"https:\/\/humanidades.uprrp.edu\/historiadelarte\/index.php?rest_route=\/wp\/v2\/pages\/482\/revisions"}],"predecessor-version":[{"id":917,"href":"https:\/\/humanidades.uprrp.edu\/historiadelarte\/index.php?rest_route=\/wp\/v2\/pages\/482\/revisions\/917"}],"wp:attachment":[{"href":"https:\/\/humanidades.uprrp.edu\/historiadelarte\/index.php?rest_route=%2Fwp%2Fv2%2Fmedia&parent=482"}],"curies":[{"name":"wp","href":"https:\/\/api.w.org\/{rel}","templated":true}]}}