{"id":435,"date":"2015-04-07T16:08:53","date_gmt":"2015-04-07T20:08:53","guid":{"rendered":"https:\/\/humanidades.uprrp.edu\/graduados\/?page_id=435"},"modified":"2023-04-12T13:14:57","modified_gmt":"2023-04-12T17:14:57","slug":"magac","status":"publish","type":"page","link":"https:\/\/humanidades.uprrp.edu\/graduados\/magac\/","title":{"rendered":"Programa de Maestr\u00eda en Gesti\u00f3n y Administraci\u00f3n Cultural"},"content":{"rendered":"<p><a href=\"http:\/\/gestioncultural.uprrp.edu\/\"><strong><img decoding=\"async\" class=\" wp-image-308 alignright\" src=\"https:\/\/humanidades.uprrp.edu\/graduados\/wp-content\/uploads\/2015\/02\/photo-300x300.png\" alt=\"photo\" width=\"223\" height=\"223\" srcset=\"https:\/\/humanidades.uprrp.edu\/graduados\/wp-content\/uploads\/2015\/02\/photo-300x300.png 300w, https:\/\/humanidades.uprrp.edu\/graduados\/wp-content\/uploads\/2015\/02\/photo-150x150.png 150w, https:\/\/humanidades.uprrp.edu\/graduados\/wp-content\/uploads\/2015\/02\/photo-90x90.png 90w, https:\/\/humanidades.uprrp.edu\/graduados\/wp-content\/uploads\/2015\/02\/photo.png 417w\" sizes=\"(max-width: 223px) 100vw, 223px\" \/><\/strong><\/a><\/p>\n<p><strong>Estructura del Programa<\/strong><\/p>\n<p>El programa de Maestr\u00eda en Gesti\u00f3n y Administraci\u00f3n Cultural se propone emprender la gesti\u00f3n como creatividad. A tal efecto, son de ayuda el conocimiento de la gesti\u00f3n y el\u00a0sentido ciudadano.<\/p>\n<p>El programa de maestr\u00eda consiste en completar 30 cr\u00e9ditos, generar una propuesta de proyecto de conclusi\u00f3n y defender un proyecto de gesti\u00f3n cultural o tesis de maestr\u00eda. El programa de maestr\u00eda tiene como requisito que el estudiante tenga conocimiento del ingl\u00e9s y el espa\u00f1ol. Los 30 cr\u00e9ditos requeridos incluyen los cursos de las siguientes categor\u00edas.<\/p>\n<ul>\n<li>12 cr\u00e9ditos en cursos medulares<\/li>\n<li>12 cr\u00e9ditos en electivas\u00a0dirigidas<\/li>\n<li>6 cr\u00e9ditos en electivas libres<\/li>\n<\/ul>\n<p><strong>Caracter\u00edsticas distintivas<\/strong><\/p>\n<ul>\n<li><a href=\"http:\/\/humanidades.uprrp.edu\/magac\/?page_id=635\">Oportunidades de intercambio<\/a><\/li>\n<li><a href=\"http:\/\/humanidades.uprrp.edu\/magac\/?page_id=637\">Red de posgrados en estudios y pol\u00edticas culturales<\/a><\/li>\n<li><a href=\"http:\/\/humanidades.uprrp.edu\/magac\/?page_id=289\">Centros de pr\u00e1ctica<\/a><\/li>\n<li><a href=\"http:\/\/humanidades.uprrp.edu\/magac\/?page_id=669\">Listado de proyectos de conclusi\u00f3n aprobados<\/a><\/li>\n<li><a href=\"http:\/\/humanidades.uprrp.edu\/magac\/?page_id=861\">Listado de oportunidades de empleo<\/a><\/li>\n<li>Los estudiantes organizan su curr\u00edculo mediante selecci\u00f3n de cursos medulares y electivos en consulta con el coordinador del Programa, mentor de proyecto de conclusi\u00f3n y asesor acad\u00e9mico.<\/li>\n<li>Los cursos se ofrecen en horarios vespertino, nocturno y sabatino, entre otras modalidades de horario flexible. Se ofrecen, adem\u00e1s, cursos en modalidad h\u00edbrida, que supone componentes presencial y a distancia a la vez.<\/li>\n<\/ul>\n<p><strong>Nuestros estudiantes<\/strong><\/p>\n<p>El egresado tendr\u00e1 un desenvolvimiento adecuado y complementario de los aspectos conceptuales y pr\u00e1cticos del campo de la gesti\u00f3n y administraci\u00f3n cultural. Ejercer\u00e1 liderato en la formulaci\u00f3n de pol\u00edtica p\u00fablica relacionada con la cultura. Crear\u00e1 destrezas conceptuales. Podr\u00e1 trabajar como agente o representante de artistas y actores. Sabr\u00e1 ejercer las pr\u00e1cticas gerenciales contempor\u00e1neas y estar\u00e1 preparado para realizar investigaciones en el campo de la gesti\u00f3n y administraci\u00f3n cultural.<\/p>\n<p><strong>M\u00e1s informaci\u00f3n<\/strong><\/p>\n<p>Para una descripci\u00f3n detallada del programa graduado, visite los siguientes enlaces:<\/p>\n<ul>\n<li>La p\u00e1gina oficial de la\u00a0<a href=\"http:\/\/gestioncultural.uprrp.edu\/\">Maestr\u00eda en Administraci\u00f3n y Gesti\u00f3n Cultural\u00a0<\/a><\/li>\n<li><a href=\"https:\/\/drive.google.com\/a\/upr.edu\/file\/d\/0B7DT2fKSXoyodzhkamswYUJVWDg\/view?usp=sharing\">Manual del Estudiante del Programa Graduado (2014)<\/a><\/li>\n<li><a href=\"http:\/\/senado.uprrp.edu\/Certificaciones\/Cert2012-2013\/CSA-38-2012-2013.pdf\">Certificaci\u00f3n 38 del Senado Acad\u00e9mico (2012-2013)<\/a><\/li>\n<li><a href=\"https:\/\/drive.google.com\/file\/d\/0B8q7pnhBpNaFbzI3ZVd0S2s5LU0\/view?usp=sharing\">Reglamento de Estudios Graduados de Humanidades (marzo 2006)<\/a><\/li>\n<li><a href=\"http:\/\/graduados.uprrp.edu\/index.php?lang=es&amp;option=com_content&amp;view=article&amp;id=219&amp;Itemid=478\">Cat\u00e1logo Graduado del Recinto<\/a><\/li>\n<\/ul>\n<p><strong>Contacto<\/strong><\/p>\n<p>Direcci\u00f3n f\u00edsica: Edificio Pedreira, tercer piso, Facultad de Humanidades, Recinto de R\u00edo Piedras.<\/p>\n<p>Direcci\u00f3n postal: Apartado 23342, San Juan Puerto Rico, 00931-3342<\/p>\n<p>Tel\u00e9fonos: 1-787-764-0000 ext. 89510\/ 89564<\/p>\n<p>Correo electr\u00f3nico: gestionculturalupr@gmail.com<\/p>\n<p>Horarios de oficina: Lunes a viernes: 8:00am-4:30pm<\/p>\n<p>&nbsp;<\/p>\n<hr \/>\n<p><strong>Enlaces de inter\u00e9s<\/strong><\/p>\n<p style=\"text-align: left;\">Conferencias en el campo\u00a0de estudio de la\u00a0<a href=\"https:\/\/humanidades.uprrp.edu\/graduados\/?page_id=497\">Gesti\u00f3n y\u00a0Administraci\u00f3n\u00a0Cultural<\/a><\/p>\n<p style=\"text-align: left;\"><a href=\"https:\/\/drive.google.com\/file\/d\/0B7DT2fKSXoyoQjJ3bE5zWElWakk\/view?usp=sharing\">Manual del Programa de Experiencias Acad\u00e9micas Formativas (2013)<\/a><\/p>\n<p>&nbsp;<\/p>\n<p>&nbsp;<\/p>\n","protected":false},"excerpt":{"rendered":"<p>Estructura del Programa El programa de Maestr\u00eda en Gesti\u00f3n y Administraci\u00f3n Cultural se propone emprender la gesti\u00f3n como creatividad. A tal efecto, son de ayuda el conocimiento de la gesti\u00f3n y el\u00a0sentido ciudadano. El programa de maestr\u00eda consiste en completar 30 cr\u00e9ditos, generar una propuesta de proyecto de conclusi\u00f3n y &#8230;<\/p>\n","protected":false},"author":4,"featured_media":0,"parent":0,"menu_order":0,"comment_status":"closed","ping_status":"closed","template":"","meta":{"footnotes":"","_links_to":"","_links_to_target":""},"class_list":["post-435","page","type-page","status-publish","hentry","column","twocol"],"_links":{"self":[{"href":"https:\/\/humanidades.uprrp.edu\/graduados\/wp-json\/wp\/v2\/pages\/435","targetHints":{"allow":["GET"]}}],"collection":[{"href":"https:\/\/humanidades.uprrp.edu\/graduados\/wp-json\/wp\/v2\/pages"}],"about":[{"href":"https:\/\/humanidades.uprrp.edu\/graduados\/wp-json\/wp\/v2\/types\/page"}],"author":[{"embeddable":true,"href":"https:\/\/humanidades.uprrp.edu\/graduados\/wp-json\/wp\/v2\/users\/4"}],"replies":[{"embeddable":true,"href":"https:\/\/humanidades.uprrp.edu\/graduados\/wp-json\/wp\/v2\/comments?post=435"}],"version-history":[{"count":25,"href":"https:\/\/humanidades.uprrp.edu\/graduados\/wp-json\/wp\/v2\/pages\/435\/revisions"}],"predecessor-version":[{"id":1064,"href":"https:\/\/humanidades.uprrp.edu\/graduados\/wp-json\/wp\/v2\/pages\/435\/revisions\/1064"}],"wp:attachment":[{"href":"https:\/\/humanidades.uprrp.edu\/graduados\/wp-json\/wp\/v2\/media?parent=435"}],"curies":[{"name":"wp","href":"https:\/\/api.w.org\/{rel}","templated":true}]}}