{"id":370,"date":"2014-10-28T13:07:41","date_gmt":"2014-10-28T13:07:41","guid":{"rendered":"https:\/\/humanidades.uprrp.edu\/filosofia\/?page_id=370"},"modified":"2021-04-05T15:13:05","modified_gmt":"2021-04-05T19:13:05","slug":"proyecto-digitalizacion-ludwig-schajowicz","status":"publish","type":"page","link":"https:\/\/humanidades.uprrp.edu\/filosofia\/?page_id=370","title":{"rendered":"Ludwig Schajowicz: mito y tragedia o de la recuperaci\u00f3n de lo sagrado"},"content":{"rendered":"<p style=\"text-align: justify;\">Ludwig Schajowicz (Austria, 1910 \u2013 Puerto Rico, 2003) es uno de los fundadores del Departamento de Filosof\u00eda de la U.P.R. Recinto de R\u00edo Piedras, de su programa graduado, de su Seminario y de la revista <i>Di\u00e1logos<\/i>.\u00a0 Principalmente es el autor de cuatro libros publicados por la Editorial de la U.P.R.: <i>Mito y existencia. Preliminares a una teor\u00eda de las iniciativas espirituales <\/i>(1\u00aa edici\u00f3n 1962), <i>Los nuevos sofistas. La subversi\u00f3n cultural de Nietzsche a Beckett <\/i>(1979), <i>De Winckelmann a Heidegger. Ensayos sobre el encuentro griego-alem\u00e1n <\/i>(1986) y <i>El mundo tr\u00e1gico de los griegos y de Shakespeare. Consideraciones sobre lo sagrado <\/i>(1990).\u00a0 En una entrevista concedida en 1990 declar\u00f3 que la clave de toda su obra se concentra en el t\u00edtulo de la primera, <i>Mito y existencia<\/i>, y en el subt\u00edtulo de la \u00faltima, <i>Consideraciones sobre lo sagrado<\/i>.\u00a0 A\u00f1adiendo que esto implicaba \u201cel intento de precisar el sentido de lo tr\u00e1gico, pero sobre todo de rescatar la experiencia de lo sagrado\u201d (\u201cLa otra cara de lo sagrado. Entrevista con L. Schajowicz\u201d (realizada por F. J. Ramos), <i>El Mundo<\/i>, <i>Puerto Rico Ilustrado<\/i>,\u00a0 6 de mayo de 1990, pp. 20-22.).\u00a0 Entre sus \u00faltimas publicaciones se encuentran dos textos breves publicados en Madrid, bajo los muy nietzscheanos t\u00edtulos de \u201cEl ocaso de los h\u00e9roes\u201d (Sonseca, Instituto de Bachillerato \u201cLa Sisla\u201d, 1994) y \u201cEl re-nacimiento de la tragedia\u201d (en Leyra, A. M., <i>Tiempo de est\u00e9tica<\/i>, Madrid, Fundamentos, 1999, pp. 111-128).<\/p>\n<p style=\"text-align: justify;\">Ludwig Schajowicz, adem\u00e1s de un destacado profesor de filosof\u00eda, fue Director del Teatro de la U.P.R. y fundador del Teatro Universitario de La Habana.\u00a0 Su importante experiencia teatral queda incorporada en su obra filos\u00f3fica como puede f\u00e1cilmente observarse en los cap\u00edtulos dedicados a Ibsen, Strindberg, Brecht, Camus, Gombrowicz y Beckett en <i>Los nuevos sofistas<\/i> o en la totalidad de la concepci\u00f3n y debates que animan a <i>El mundo tr\u00e1gico de los griegos y de Shakespeare<\/i>.<\/p>\n<p style=\"text-align: justify;\">Su pensamiento se enmarca en la filosof\u00eda europea de la posguerra vi\u00e9ndose atravesado por la experiencia del exilio.\u00a0 Entre los art\u00edculos que se presentan a trav\u00e9s de este medio se encuentran dos particularmente importantes por no estar recogidos, de ninguna manera, en sus libros, se trata de \u201cLa fidelidad a la tierra\u201d (<i>Di\u00e1logos <\/i>1, 1964, pp. 9-21) y de \u201cFilosofar-dialogar\u201d (<i>Di\u00e1logos <\/i>2, 1964, pp. 7-15).\u00a0 Estamos seguros que la accesibilidad de estos textos incitar\u00e1 a la lectura de esta figura que si bien ha dado mucho que pensar a\u00fan debe ser pensada a fondo.\u00a0<span style=\"font-size: 0.95em; line-height: 1.6em;\">\u00a0<\/span><\/p>\n<p style=\"text-align: left;\" align=\"center\"><span style=\"font-size: 0.95em; line-height: 1.6em;\">\u00a0<\/span><\/p>\n<h3 style=\"text-align: center;\"><a href=\"https:\/\/humanidades.uprrp.edu\/filosofia\/?page_id=375 \">Art\u00edculos Revista Di\u00e1logos &#8211; Ludwig Schajowicz<\/a><\/h3>\n<p><a href=\"https:\/\/humanidades.uprrp.edu\/filosofia\/wp-content\/uploads\/2014\/10\/La-trinidad-f\u00e1ustica.-num.-7-1967.pdf\">\u00a0<\/a><\/p>\n","protected":false},"excerpt":{"rendered":"<p>Ludwig Schajowicz (Austria, 1910 \u2013 Puerto Rico, 2003) es uno de los fundadores del Departamento de Filosof\u00eda de la U.P.R. Recinto de R\u00edo Piedras, de su programa graduado, de su Seminario y de la revista Di\u00e1logos.\u00a0 Principalmente es el autor de cuatro libros publicados por la Editorial de la U.P.R.: &#8230;<\/p>\n","protected":false},"author":7,"featured_media":0,"parent":0,"menu_order":0,"comment_status":"closed","ping_status":"closed","template":"","meta":{"footnotes":""},"class_list":["post-370","page","type-page","status-publish","hentry","column","twocol"],"_links":{"self":[{"href":"https:\/\/humanidades.uprrp.edu\/filosofia\/index.php?rest_route=\/wp\/v2\/pages\/370","targetHints":{"allow":["GET"]}}],"collection":[{"href":"https:\/\/humanidades.uprrp.edu\/filosofia\/index.php?rest_route=\/wp\/v2\/pages"}],"about":[{"href":"https:\/\/humanidades.uprrp.edu\/filosofia\/index.php?rest_route=\/wp\/v2\/types\/page"}],"author":[{"embeddable":true,"href":"https:\/\/humanidades.uprrp.edu\/filosofia\/index.php?rest_route=\/wp\/v2\/users\/7"}],"replies":[{"embeddable":true,"href":"https:\/\/humanidades.uprrp.edu\/filosofia\/index.php?rest_route=%2Fwp%2Fv2%2Fcomments&post=370"}],"version-history":[{"count":10,"href":"https:\/\/humanidades.uprrp.edu\/filosofia\/index.php?rest_route=\/wp\/v2\/pages\/370\/revisions"}],"predecessor-version":[{"id":838,"href":"https:\/\/humanidades.uprrp.edu\/filosofia\/index.php?rest_route=\/wp\/v2\/pages\/370\/revisions\/838"}],"wp:attachment":[{"href":"https:\/\/humanidades.uprrp.edu\/filosofia\/index.php?rest_route=%2Fwp%2Fv2%2Fmedia&parent=370"}],"curies":[{"name":"wp","href":"https:\/\/api.w.org\/{rel}","templated":true}]}}