{"id":1197,"date":"2025-02-13T15:12:43","date_gmt":"2025-02-13T19:12:43","guid":{"rendered":"https:\/\/humanidades.uprrp.edu\/filosofia\/?page_id=1197"},"modified":"2025-02-13T15:12:43","modified_gmt":"2025-02-13T19:12:43","slug":"reclasificacion-cambio-de-facultad-y-o-concentracion","status":"publish","type":"page","link":"https:\/\/humanidades.uprrp.edu\/filosofia\/?page_id=1197","title":{"rendered":"Reclasificaci\u00f3n (Cambio de Facultad y\/o Concentraci\u00f3n)"},"content":{"rendered":"\n<p>Requisitos:<\/p>\n\n\n\n<ul class=\"wp-block-list\">\n<li>Tener <strong>al menos 30<\/strong> cr\u00e9ditos aprobados al momento de solicitar la reclasificaci\u00f3n.<\/li>\n\n\n\n<li>Haber aprobado <strong>6 cr\u00e9ditos en cursos de humanidades<\/strong> de la Facultad de Estudios Generales. Puede encontrar la lista de cursos que cumplen con estos cr\u00e9ditos <a href=\"https:\/\/academicos.uprrp.edu\/wp-content\/uploads\/2021\/04\/Humanidades-abril-2021.pdf\"><strong>aqu\u00ed<\/strong><\/a>.<\/li>\n\n\n\n<li>Haber mantenido un promedio m\u00ednimo de 2.50.<\/li>\n<\/ul>\n\n\n\n<p><a href=\"https:\/\/services.portal.upr.edu\/\">Solicitud en l\u00ednea<\/a><\/p>\n\n\n\n<p>Fecha l\u00edmite para solicitar: <strong>21 de febrero de 2025<\/strong><\/p>\n\n\n\n<p>Costo de la solicitud: $20.00<\/p>\n\n\n\n<p>Para m\u00e1s informaci\u00f3n, oprima <a href=\"https:\/\/fae.uprrp.edu\/estudiantes\/solicitantes\/otras-facultades-del-recinto\/\">aqu\u00ed<\/a>.<\/p>\n","protected":false},"excerpt":{"rendered":"<p>Requisitos: Solicitud en l\u00ednea Fecha l\u00edmite para solicitar: 21 de febrero de 2025 Costo de la solicitud: $20.00 Para m\u00e1s informaci\u00f3n, oprima aqu\u00ed.<\/p>\n","protected":false},"author":7,"featured_media":0,"parent":0,"menu_order":0,"comment_status":"closed","ping_status":"closed","template":"","meta":{"footnotes":""},"class_list":["post-1197","page","type-page","status-publish","hentry","column","twocol"],"_links":{"self":[{"href":"https:\/\/humanidades.uprrp.edu\/filosofia\/index.php?rest_route=\/wp\/v2\/pages\/1197","targetHints":{"allow":["GET"]}}],"collection":[{"href":"https:\/\/humanidades.uprrp.edu\/filosofia\/index.php?rest_route=\/wp\/v2\/pages"}],"about":[{"href":"https:\/\/humanidades.uprrp.edu\/filosofia\/index.php?rest_route=\/wp\/v2\/types\/page"}],"author":[{"embeddable":true,"href":"https:\/\/humanidades.uprrp.edu\/filosofia\/index.php?rest_route=\/wp\/v2\/users\/7"}],"replies":[{"embeddable":true,"href":"https:\/\/humanidades.uprrp.edu\/filosofia\/index.php?rest_route=%2Fwp%2Fv2%2Fcomments&post=1197"}],"version-history":[{"count":1,"href":"https:\/\/humanidades.uprrp.edu\/filosofia\/index.php?rest_route=\/wp\/v2\/pages\/1197\/revisions"}],"predecessor-version":[{"id":1198,"href":"https:\/\/humanidades.uprrp.edu\/filosofia\/index.php?rest_route=\/wp\/v2\/pages\/1197\/revisions\/1198"}],"wp:attachment":[{"href":"https:\/\/humanidades.uprrp.edu\/filosofia\/index.php?rest_route=%2Fwp%2Fv2%2Fmedia&parent=1197"}],"curies":[{"name":"wp","href":"https:\/\/api.w.org\/{rel}","templated":true}]}}