{"id":1037,"date":"2025-02-07T15:34:16","date_gmt":"2025-02-07T19:34:16","guid":{"rendered":"https:\/\/humanidades.uprrp.edu\/filosofia\/?page_id=1037"},"modified":"2026-01-28T14:38:55","modified_gmt":"2026-01-28T18:38:55","slug":"inicio-draft","status":"publish","type":"page","link":"https:\/\/humanidades.uprrp.edu\/filosofia\/","title":{"rendered":"Inicio"},"content":{"rendered":"\t\t<div data-elementor-type=\"wp-post\" data-elementor-id=\"1037\" class=\"elementor elementor-1037\">\n\t\t\t\t<div class=\"elementor-element elementor-element-fdd630c e-flex e-con-boxed e-con e-parent\" data-id=\"fdd630c\" data-element_type=\"container\" data-e-type=\"container\">\n\t\t\t\t\t<div class=\"e-con-inner\">\n\t\t<div class=\"elementor-element elementor-element-b868d79 e-con-full e-flex e-con e-child\" data-id=\"b868d79\" data-element_type=\"container\" data-e-type=\"container\">\n\t\t\t\t<div class=\"elementor-element elementor-element-f76bd1f elementor-widget elementor-widget-heading\" data-id=\"f76bd1f\" data-element_type=\"widget\" data-e-type=\"widget\" data-widget_type=\"heading.default\">\n\t\t\t\t<div class=\"elementor-widget-container\">\n\t\t\t\t\t<h2 class=\"elementor-heading-title elementor-size-default\">\u00bfQu\u00e9 es la Filosof\u00eda?<\/h2>\t\t\t\t<\/div>\n\t\t\t\t<\/div>\n\t\t\t\t<div class=\"elementor-element elementor-element-c4cd942 elementor-widget elementor-widget-video\" data-id=\"c4cd942\" data-element_type=\"widget\" data-e-type=\"widget\" data-settings=\"{&quot;youtube_url&quot;:&quot;https:\\\/\\\/youtube.com\\\/shorts\\\/yZLtaH7DFf8?feature=share&quot;,&quot;video_type&quot;:&quot;youtube&quot;,&quot;controls&quot;:&quot;yes&quot;}\" data-widget_type=\"video.default\">\n\t\t\t\t<div class=\"elementor-widget-container\">\n\t\t\t\t\t\t\t<div class=\"elementor-wrapper elementor-open-inline\">\n\t\t\t<div class=\"elementor-video\"><\/div>\t\t<\/div>\n\t\t\t\t\t\t<\/div>\n\t\t\t\t<\/div>\n\t\t\t\t<\/div>\n\t\t<div class=\"elementor-element elementor-element-b5af0fe e-con-full e-flex e-con e-child\" data-id=\"b5af0fe\" data-element_type=\"container\" data-e-type=\"container\">\n\t\t\t\t<div class=\"elementor-element elementor-element-5e6c7e5 elementor-widget elementor-widget-spacer\" data-id=\"5e6c7e5\" data-element_type=\"widget\" data-e-type=\"widget\" data-widget_type=\"spacer.default\">\n\t\t\t\t<div class=\"elementor-widget-container\">\n\t\t\t\t\t\t\t<div class=\"elementor-spacer\">\n\t\t\t<div class=\"elementor-spacer-inner\"><\/div>\n\t\t<\/div>\n\t\t\t\t\t\t<\/div>\n\t\t\t\t<\/div>\n\t\t\t\t<div class=\"elementor-element elementor-element-b776f9d elementor-widget elementor-widget-text-editor\" data-id=\"b776f9d\" data-element_type=\"widget\" data-e-type=\"widget\" data-widget_type=\"text-editor.default\">\n\t\t\t\t<div class=\"elementor-widget-container\">\n\t\t\t\t\t\t\t\t\t<p>Aunque a menudo se percibe que la Filosof\u00eda no tiene salidas profesionales directas en Puerto Rico, Estados Unidos y otros pa\u00edses, la realidad cuenta una historia diferente. Seg\u00fan datos de la\u00a0<a href=\"https:\/\/nam02.safelinks.protection.outlook.com\/?url=https%3A%2F%2Fwww.apaonline.org%2Fpage%2Fdata&amp;data=05%7C02%7Cmaria.fortuno2%40upr.edu%7Cb01a0d7bd29441ecb2a108dd46dbe628%7C0dfa5dc0036f461599e494af822f2b84%7C0%7C0%7C638744632440912946%7CUnknown%7CTWFpbGZsb3d8eyJFbXB0eU1hcGkiOnRydWUsIlYiOiIwLjAuMDAwMCIsIlAiOiJXaW4zMiIsIkFOIjoiTWFpbCIsIldUIjoyfQ%3D%3D%7C0%7C%7C%7C&amp;sdata=CMtEIQigrvWQQaRHd2tHryrzEYssqXOClZcdhe5Lqzk%3D&amp;reserved=0\">Asociaci\u00f3n Americana de Filosof\u00eda<\/a>, quienes obtienen un bachillerato en Filosof\u00eda suelen ganar m\u00e1s que personas en otros campos de las Humanidades. Adem\u00e1s, se ha reconocido que los egresados en Filosof\u00eda se destacan en campos como\u00a0<a href=\"https:\/\/nam02.safelinks.protection.outlook.com\/?url=https%3A%2F%2Fhumanities.uoregon.edu%2Fphilosophy%2Fundergraduate-programs%2Fexplore-careers&amp;data=05%7C02%7Cmaria.fortuno2%40upr.edu%7Cb01a0d7bd29441ecb2a108dd46dbe628%7C0dfa5dc0036f461599e494af822f2b84%7C0%7C0%7C638744632440947530%7CUnknown%7CTWFpbGZsb3d8eyJFbXB0eU1hcGkiOnRydWUsIlYiOiIwLjAuMDAwMCIsIlAiOiJXaW4zMiIsIkFOIjoiTWFpbCIsIldUIjoyfQ%3D%3D%7C0%7C%7C%7C&amp;sdata=atJPZbNqAtTk60CNZlFDFGtZz567hoet9IOcbBsxFNE%3D&amp;reserved=0\">finanzas, negocios, tecnolog\u00eda, derecho, pol\u00edtica, comunicaci\u00f3n y educaci\u00f3n<\/a>, \u00e1reas en donde las capacidades reflexivas son altamente valoradas. Nuestros egresados han seguido carreras acad\u00e9micas exitosas y se han integrado en diversos sectores laborales que reconocen el valor \u00fanico de las detrezas cr\u00edticas, anal\u00edticas y de escritura que ofrece nuestro programa.<\/p>\t\t\t\t\t\t\t\t<\/div>\n\t\t\t\t<\/div>\n\t\t\t\t<\/div>\n\t\t\t\t\t<\/div>\n\t\t\t\t<\/div>\n\t\t<div class=\"elementor-element elementor-element-84b446e e-flex e-con-boxed e-con e-parent\" data-id=\"84b446e\" data-element_type=\"container\" data-e-type=\"container\">\n\t\t\t\t\t<div class=\"e-con-inner\">\n\t\t<div class=\"elementor-element elementor-element-adecb1e e-con-full e-flex e-con e-child\" data-id=\"adecb1e\" data-element_type=\"container\" data-e-type=\"container\">\n\t\t\t\t<div class=\"elementor-element elementor-element-51e1187 elementor-widget elementor-widget-heading\" data-id=\"51e1187\" data-element_type=\"widget\" data-e-type=\"widget\" data-widget_type=\"heading.default\">\n\t\t\t\t<div class=\"elementor-widget-container\">\n\t\t\t\t\t<h2 class=\"elementor-heading-title elementor-size-default\">Estudiante de Nuevo Ingreso<br>\u00a1Solicita ya!<\/h2>\t\t\t\t<\/div>\n\t\t\t\t<\/div>\n\t\t\t\t<div class=\"elementor-element elementor-element-6f4d14e elementor-widget elementor-widget-text-editor\" data-id=\"6f4d14e\" data-element_type=\"widget\" data-e-type=\"widget\" data-widget_type=\"text-editor.default\">\n\t\t\t\t<div class=\"elementor-widget-container\">\n\t\t\t\t\t\t\t\t\t<h4><a href=\"https:\/\/humanidades.uprrp.edu\/filosofia\/?page_id=1205\">Bachillerato<\/a><\/h4><ul><li>Estudiantes que soliciten con la <strong><span style=\"color: #ff0000;\">Ruta Tradicional<\/span><\/strong><\/li><li>Estudiantes que soliciten con la <strong><span style=\"color: #ff0000;\">Ruta No Tradicional<\/span><\/strong><\/li><\/ul><h4><a href=\"https:\/\/humanidades.uprrp.edu\/filosofia\/?page_id=1008\">Programa Combinado (Bachillerato y Maestr\u00eda)<\/a><\/h4><h4><a href=\"https:\/\/humanidades.uprrp.edu\/filosofia\/?page_id=1197\">Reclasificaci\u00f3n (Cambio de Facultad y\/o Concentraci\u00f3n)<\/a><\/h4><h4><a href=\"https:\/\/humanidades.uprrp.edu\/filosofia\/?page_id=1199\">Segunda concentraci\u00f3n<\/a><\/h4><h4><a href=\"https:\/\/humanidades.uprrp.edu\/filosofia\/wp-content\/uploads\/2025\/02\/Manual-del-estudiante-FILOSOFI\u0301A_Rev_dic2024.pdf\">Manual de estudiantes<\/a><\/h4><h4><a href=\"https:\/\/www.uprrp.edu\/oficina-registrador\/calendarios-academicos\/\">Calendario Acad\u00e9mico<\/a><\/h4>\t\t\t\t\t\t\t\t<\/div>\n\t\t\t\t<\/div>\n\t\t\t\t<\/div>\n\t\t<div class=\"elementor-element elementor-element-c37c83d e-con-full e-flex e-con e-child\" data-id=\"c37c83d\" data-element_type=\"container\" data-e-type=\"container\">\n\t\t\t\t<div class=\"elementor-element elementor-element-fbb5943 elementor-arrows-position-inside elementor-pagination-position-outside elementor-widget elementor-widget-image-carousel\" data-id=\"fbb5943\" data-element_type=\"widget\" data-e-type=\"widget\" data-settings=\"{&quot;slides_to_show&quot;:&quot;1&quot;,&quot;navigation&quot;:&quot;both&quot;,&quot;autoplay&quot;:&quot;yes&quot;,&quot;pause_on_hover&quot;:&quot;yes&quot;,&quot;pause_on_interaction&quot;:&quot;yes&quot;,&quot;autoplay_speed&quot;:5000,&quot;infinite&quot;:&quot;yes&quot;,&quot;effect&quot;:&quot;slide&quot;,&quot;speed&quot;:500}\" data-widget_type=\"image-carousel.default\">\n\t\t\t\t<div class=\"elementor-widget-container\">\n\t\t\t\t\t\t\t<div class=\"elementor-image-carousel-wrapper swiper\" role=\"region\" aria-roledescription=\"carousel\" aria-label=\"Image Carousel\" dir=\"ltr\">\n\t\t\t<div class=\"elementor-image-carousel swiper-wrapper\" aria-live=\"off\">\n\t\t\t\t\t\t\t\t<div class=\"swiper-slide\" role=\"group\" aria-roledescription=\"slide\" aria-label=\"1 of 5\"><figure class=\"swiper-slide-inner\"><img decoding=\"async\" class=\"swiper-slide-image\" src=\"https:\/\/humanidades.uprrp.edu\/filosofia\/wp-content\/uploads\/2025\/02\/Di\u0301a-Mundial-de-la-Filosofi\u0301a-foto-para-circular-2-432x432.jpg\" alt=\"Di\u0301a Mundial de la Filosofi\u0301a -foto para circular 2\" \/><\/figure><\/div><div class=\"swiper-slide\" role=\"group\" aria-roledescription=\"slide\" aria-label=\"2 of 5\"><figure class=\"swiper-slide-inner\"><img decoding=\"async\" class=\"swiper-slide-image\" src=\"https:\/\/humanidades.uprrp.edu\/filosofia\/wp-content\/uploads\/2025\/02\/dia-mundial-foto-para-circular-6-432x432.jpg\" alt=\"dia mundial - foto para circular 6\" \/><\/figure><\/div><div class=\"swiper-slide\" role=\"group\" aria-roledescription=\"slide\" aria-label=\"3 of 5\"><figure class=\"swiper-slide-inner\"><img decoding=\"async\" class=\"swiper-slide-image\" src=\"https:\/\/humanidades.uprrp.edu\/filosofia\/wp-content\/uploads\/2025\/02\/dia-mundial-foto-para-circular-5-432x432.jpg\" alt=\"dia mundial - foto para circular 5\" \/><\/figure><\/div><div class=\"swiper-slide\" role=\"group\" aria-roledescription=\"slide\" aria-label=\"4 of 5\"><figure class=\"swiper-slide-inner\"><img decoding=\"async\" class=\"swiper-slide-image\" src=\"https:\/\/humanidades.uprrp.edu\/filosofia\/wp-content\/uploads\/2025\/02\/dia-mundial-foto-para-circular-4-432x432.jpg\" alt=\"dia mundial - foto para circular 4\" \/><\/figure><\/div><div class=\"swiper-slide\" role=\"group\" aria-roledescription=\"slide\" aria-label=\"5 of 5\"><figure class=\"swiper-slide-inner\"><img decoding=\"async\" class=\"swiper-slide-image\" src=\"https:\/\/humanidades.uprrp.edu\/filosofia\/wp-content\/uploads\/2025\/02\/di\u0301a-mundial-foto-para-circular-3-432x432.jpg\" alt=\"di\u0301a mundial - foto para circular 3\" \/><\/figure><\/div>\t\t\t<\/div>\n\t\t\t\t\t\t\t\t\t\t\t\t<div class=\"elementor-swiper-button elementor-swiper-button-prev\" role=\"button\" tabindex=\"0\">\n\t\t\t\t\t\t<svg aria-hidden=\"true\" class=\"e-font-icon-svg e-eicon-chevron-left\" viewBox=\"0 0 1000 1000\" xmlns=\"http:\/\/www.w3.org\/2000\/svg\"><path d=\"M646 125C629 125 613 133 604 142L308 442C296 454 292 471 292 487 292 504 296 521 308 533L604 854C617 867 629 875 646 875 663 875 679 871 692 858 704 846 713 829 713 812 713 796 708 779 692 767L438 487 692 225C700 217 708 204 708 187 708 171 704 154 692 142 675 129 663 125 646 125Z\"><\/path><\/svg>\t\t\t\t\t<\/div>\n\t\t\t\t\t<div class=\"elementor-swiper-button elementor-swiper-button-next\" role=\"button\" tabindex=\"0\">\n\t\t\t\t\t\t<svg aria-hidden=\"true\" class=\"e-font-icon-svg e-eicon-chevron-right\" viewBox=\"0 0 1000 1000\" xmlns=\"http:\/\/www.w3.org\/2000\/svg\"><path d=\"M696 533C708 521 713 504 713 487 713 471 708 454 696 446L400 146C388 133 375 125 354 125 338 125 325 129 313 142 300 154 292 171 292 187 292 204 296 221 308 233L563 492 304 771C292 783 288 800 288 817 288 833 296 850 308 863 321 871 338 875 354 875 371 875 388 867 400 854L696 533Z\"><\/path><\/svg>\t\t\t\t\t<\/div>\n\t\t\t\t\n\t\t\t\t\t\t\t\t\t<div class=\"swiper-pagination\"><\/div>\n\t\t\t\t\t\t\t\t\t<\/div>\n\t\t\t\t\t\t<\/div>\n\t\t\t\t<\/div>\n\t\t\t\t<\/div>\n\t\t\t\t\t<\/div>\n\t\t\t\t<\/div>\n\t\t<div class=\"elementor-element elementor-element-0e9d531 e-grid e-con-boxed e-con e-parent\" data-id=\"0e9d531\" data-element_type=\"container\" data-e-type=\"container\">\n\t\t\t\t\t<div class=\"e-con-inner\">\n\t\t\t\t<div class=\"elementor-element elementor-element-38bc36d elementor-widget elementor-widget-image\" data-id=\"38bc36d\" data-element_type=\"widget\" data-e-type=\"widget\" data-widget_type=\"image.default\">\n\t\t\t\t<div class=\"elementor-widget-container\">\n\t\t\t\t\t\t\t\t\t\t\t\t\t\t\t<img fetchpriority=\"high\" decoding=\"async\" width=\"660\" height=\"933\" src=\"https:\/\/humanidades.uprrp.edu\/filosofia\/wp-content\/uploads\/2025\/10\/Ciclo-SLS-Primer-Semestre-2025-2026-actualizado-724x1024.png\" class=\"attachment-large size-large wp-image-1388\" alt=\"\" srcset=\"https:\/\/humanidades.uprrp.edu\/filosofia\/wp-content\/uploads\/2025\/10\/Ciclo-SLS-Primer-Semestre-2025-2026-actualizado-724x1024.png 724w, https:\/\/humanidades.uprrp.edu\/filosofia\/wp-content\/uploads\/2025\/10\/Ciclo-SLS-Primer-Semestre-2025-2026-actualizado-212x300.png 212w, https:\/\/humanidades.uprrp.edu\/filosofia\/wp-content\/uploads\/2025\/10\/Ciclo-SLS-Primer-Semestre-2025-2026-actualizado-768x1086.png 768w, https:\/\/humanidades.uprrp.edu\/filosofia\/wp-content\/uploads\/2025\/10\/Ciclo-SLS-Primer-Semestre-2025-2026-actualizado-1086x1536.png 1086w, https:\/\/humanidades.uprrp.edu\/filosofia\/wp-content\/uploads\/2025\/10\/Ciclo-SLS-Primer-Semestre-2025-2026-actualizado-700x990.png 700w, https:\/\/humanidades.uprrp.edu\/filosofia\/wp-content\/uploads\/2025\/10\/Ciclo-SLS-Primer-Semestre-2025-2026-actualizado-332x470.png 332w, https:\/\/humanidades.uprrp.edu\/filosofia\/wp-content\/uploads\/2025\/10\/Ciclo-SLS-Primer-Semestre-2025-2026-actualizado.png 1414w\" sizes=\"(max-width: 660px) 100vw, 660px\" \/>\t\t\t\t\t\t\t\t\t\t\t\t\t\t\t<\/div>\n\t\t\t\t<\/div>\n\t\t\t\t<div class=\"elementor-element elementor-element-a1c1bb5 elementor-widget elementor-widget-image\" data-id=\"a1c1bb5\" data-element_type=\"widget\" data-e-type=\"widget\" data-widget_type=\"image.default\">\n\t\t\t\t<div class=\"elementor-widget-container\">\n\t\t\t\t\t\t\t\t\t\t\t\t\t\t\t<img decoding=\"async\" width=\"660\" height=\"880\" src=\"https:\/\/humanidades.uprrp.edu\/filosofia\/wp-content\/uploads\/2025\/09\/Unknown-1.png\" class=\"attachment-large size-large wp-image-1325\" alt=\"\" srcset=\"https:\/\/humanidades.uprrp.edu\/filosofia\/wp-content\/uploads\/2025\/09\/Unknown-1.png 1728w, https:\/\/humanidades.uprrp.edu\/filosofia\/wp-content\/uploads\/2025\/09\/Unknown-1-225x300.png 225w\" sizes=\"(max-width: 660px) 100vw, 660px\" \/>\t\t\t\t\t\t\t\t\t\t\t\t\t\t\t<\/div>\n\t\t\t\t<\/div>\n\t\t\t\t<div class=\"elementor-element elementor-element-cba50ea elementor-widget elementor-widget-wp-widget-simple_facebook_page_feed_widget\" data-id=\"cba50ea\" data-element_type=\"widget\" data-e-type=\"widget\" data-widget_type=\"wp-widget-simple_facebook_page_feed_widget.default\">\n\t\t\t\t<div class=\"elementor-widget-container\">\n\t\t\t\t\t<!-- This Facebook Page Feed was generated with Simple Facebook Page Widget & Shortcode plugin v1.7.0 - https:\/\/wordpress.org\/plugins\/simple-facebook-twitter-widget\/ --><div id=\"simple-facebook-widget\" style=\"text-align:center;\"><div class=\"fb-page\" data-href=\"https:\/\/www.facebook.com\/deptofilosofiauprrp\" data-width=\"420\" data-height=\"500\" data-tabs=\"timeline\" data-hide-cover=\"0\" data-show-facepile=\"0\" data-hide-cta=\"0\" data-small-header=\"1\" data-adapt-container-width=\"1\"><\/div><\/div><!-- End Simple Facebook Page Plugin (Widget) -->\t\t\t\t<\/div>\n\t\t\t\t<\/div>\n\t\t\t\t\t<\/div>\n\t\t\t\t<\/div>\n\t\t<div class=\"elementor-element elementor-element-dce7df6 e-flex e-con-boxed e-con e-parent\" data-id=\"dce7df6\" data-element_type=\"container\" data-e-type=\"container\">\n\t\t\t\t\t<div class=\"e-con-inner\">\n\t\t<div class=\"elementor-element elementor-element-002b9c9 e-con-full e-flex e-con e-child\" data-id=\"002b9c9\" data-element_type=\"container\" data-e-type=\"container\">\n\t\t\t\t<div class=\"elementor-element elementor-element-f4e05e9 elementor-widget elementor-widget-text-editor\" data-id=\"f4e05e9\" data-element_type=\"widget\" data-e-type=\"widget\" data-widget_type=\"text-editor.default\">\n\t\t\t\t<div class=\"elementor-widget-container\">\n\t\t\t\t\t\t\t\t\t<h3 style=\"text-align: left;\"><span style=\"color: #ff0000;\"><strong>La filosof\u00eda y su entorno<br \/><\/strong><strong>(cultura y sociedad)\u200b<\/strong><\/span><\/h3><h4><a href=\"https:\/\/nam02.safelinks.protection.outlook.com\/?url=https%3A%2F%2Fwww.elnuevodia.com%2Fopinion%2Fpunto-de-vista%2Fantidoto-contra-el-dogmatismo%2F&amp;data=05%7C02%7Cmaricarmen.noble%40upr.edu%7Cb806a426f40b4df2094008ddf9e8ec14%7C0dfa5dc0036f461599e494af822f2b84%7C0%7C0%7C638941500962035163%7CUnknown%7CTWFpbGZsb3d8eyJFbXB0eU1hcGkiOnRydWUsIlYiOiIwLjAuMDAwMCIsIlAiOiJXaW4zMiIsIkFOIjoiTWFpbCIsIldUIjoyfQ%3D%3D%7C0%7C%7C%7C&amp;sdata=IHj%2FdoztQgnETZVupR9RQDT5geovvwBmY2ndDTycXmQ%3D&amp;reserved=0\">\u00bfPara qu\u00e9 la Filosof\u00eda?<\/a><\/h4><h4><a href=\"https:\/\/nam02.safelinks.protection.outlook.com\/?url=https%3A%2F%2Fwww.80grados.net%2Fboricuas-de-todas-las-especies-a-proposito-de-una-visita-a-la-residencia-artistica-de-bad-bunny%2F&amp;data=05%7C02%7Cmaricarmen.noble%40upr.edu%7Cb806a426f40b4df2094008ddf9e8ec14%7C0dfa5dc0036f461599e494af822f2b84%7C0%7C0%7C638941500962075068%7CUnknown%7CTWFpbGZsb3d8eyJFbXB0eU1hcGkiOnRydWUsIlYiOiIwLjAuMDAwMCIsIlAiOiJXaW4zMiIsIkFOIjoiTWFpbCIsIldUIjoyfQ%3D%3D%7C0%7C%7C%7C&amp;sdata=jpn99I%2BmrRLn3BKSRQhxQWMb%2B%2FLus8WKHTIIYVJEqM0%3D&amp;reserved=0\">A prop\u00f3sito de Bad Bunny<\/a><\/h4><h4><a href=\"https:\/\/humanidades.uprrp.edu\/filosofia\/?event=filosofando-con-la-dra-maia-sherwood-droz\">Filosofando con el ABC de DtMF<\/a><\/h4>\t\t\t\t\t\t\t\t<\/div>\n\t\t\t\t<\/div>\n\t\t\t\t<\/div>\n\t\t<div class=\"elementor-element elementor-element-3ced75c e-con-full e-flex e-con e-child\" data-id=\"3ced75c\" data-element_type=\"container\" data-e-type=\"container\">\n\t\t\t\t<div class=\"elementor-element elementor-element-c605c1e elementor-widget__width-initial elementor-widget elementor-widget-text-editor\" data-id=\"c605c1e\" data-element_type=\"widget\" data-e-type=\"widget\" data-widget_type=\"text-editor.default\">\n\t\t\t\t<div class=\"elementor-widget-container\">\n\t\t\t\t\t\t\t\t\t<h3><span style=\"color: #ff0000;\"><strong>Actividades<\/strong><\/span><\/h3><h3 style=\"text-align: left;\"><a href=\"https:\/\/humanidades.uprrp.edu\/filosofia\/?page_id=1160\">D\u00eda Mundial de la Filosof\u00eda<\/a><br \/><br \/><a href=\"https:\/\/humanidades.uprrp.edu\/filosofia\/?page_id=1175\">Ciclo de Conferencias<\/a><\/h3>\t\t\t\t\t\t\t\t<\/div>\n\t\t\t\t<\/div>\n\t\t\t\t<\/div>\n\t\t<div class=\"elementor-element elementor-element-4a625b8 e-con-full e-flex e-con e-child\" data-id=\"4a625b8\" data-element_type=\"container\" data-e-type=\"container\">\n\t\t\t\t<div class=\"elementor-element elementor-element-ee93618 elementor-widget__width-initial elementor-widget elementor-widget-text-editor\" data-id=\"ee93618\" data-element_type=\"widget\" data-e-type=\"widget\" data-widget_type=\"text-editor.default\">\n\t\t\t\t<div class=\"elementor-widget-container\">\n\t\t\t\t\t\t\t\t\t<h3><span style=\"color: #ff0000;\"><strong>S\u00edguenos en las redes&#8230;<\/strong><\/span><\/h3><h5><strong>Instagram:<\/strong> <a href=\"https:\/\/www.instagram.com\/filosofiauprrp\"><span style=\"color: #ff0000;\">@filosfiauprrp<\/span><\/a><br \/><strong style=\"font-family: Oswald, sans-serif; font-size: 16px;\">Facebook:<\/strong> <a style=\"font-family: Oswald, sans-serif; font-size: 16px; font-weight: 300;\" href=\"https:\/\/www.facebook.com\/deptofilosofiauprrp\/?ref=embed_page#\"><span style=\"color: #ff0000;\">Departamento de Filosof\u00eda &#8211; Humanidades-UPRRP<\/span><\/a><br \/><strong><span lang=\"ES\">Asociaci\u00f3n de Estudiantes de Filosof\u00eda: <\/span><\/strong><span style=\"color: #ff0000;\"><a style=\"color: #ff0000;\" href=\"https:\/\/nam02.safelinks.protection.outlook.com\/?url=https%3A%2F%2Fwww.instagram.com%2Faef.uprrp%2F&amp;data=05%7C02%7Cmaricarmen.noble%40upr.edu%7Ced572af6b15e456a309a08dd5cc96a8c%7C0dfa5dc0036f461599e494af822f2b84%7C0%7C0%7C638768742319441028%7CUnknown%7CTWFpbGZsb3d8eyJFbXB0eU1hcGkiOnRydWUsIlYiOiIwLjAuMDAwMCIsIlAiOiJXaW4zMiIsIkFOIjoiTWFpbCIsIldUIjoyfQ%3D%3D%7C0%7C%7C%7C&amp;sdata=6GUyimP64wLHVY8nbqezdJC0N2JAJ6T3q83vXQ%2Fm%2FYc%3D&amp;reserved=0\"><span lang=\"ES\">@aef.uprrp<\/span><\/a><\/span><\/h5>\t\t\t\t\t\t\t\t<\/div>\n\t\t\t\t<\/div>\n\t\t\t\t<\/div>\n\t\t\t\t\t<\/div>\n\t\t\t\t<\/div>\n\t\t<div class=\"elementor-element elementor-element-e82365b e-flex e-con-boxed e-con e-parent\" data-id=\"e82365b\" data-element_type=\"container\" data-e-type=\"container\">\n\t\t\t\t\t<div class=\"e-con-inner\">\n\t\t\t\t\t<\/div>\n\t\t\t\t<\/div>\n\t\t\t\t<\/div>\n\t\t","protected":false},"excerpt":{"rendered":"<p>\u00bfQu\u00e9 es la Filosof\u00eda? Aunque a menudo se percibe que la Filosof\u00eda no tiene salidas profesionales directas en Puerto Rico, Estados Unidos y otros pa\u00edses, la realidad cuenta una historia diferente. Seg\u00fan datos de la\u00a0Asociaci\u00f3n Americana de Filosof\u00eda, quienes obtienen un bachillerato en Filosof\u00eda suelen ganar m\u00e1s que personas en &#8230;<\/p>\n","protected":false},"author":7,"featured_media":0,"parent":0,"menu_order":0,"comment_status":"closed","ping_status":"closed","template":"","meta":{"footnotes":""},"class_list":["post-1037","page","type-page","status-publish","hentry","column","twocol"],"_links":{"self":[{"href":"https:\/\/humanidades.uprrp.edu\/filosofia\/index.php?rest_route=\/wp\/v2\/pages\/1037","targetHints":{"allow":["GET"]}}],"collection":[{"href":"https:\/\/humanidades.uprrp.edu\/filosofia\/index.php?rest_route=\/wp\/v2\/pages"}],"about":[{"href":"https:\/\/humanidades.uprrp.edu\/filosofia\/index.php?rest_route=\/wp\/v2\/types\/page"}],"author":[{"embeddable":true,"href":"https:\/\/humanidades.uprrp.edu\/filosofia\/index.php?rest_route=\/wp\/v2\/users\/7"}],"replies":[{"embeddable":true,"href":"https:\/\/humanidades.uprrp.edu\/filosofia\/index.php?rest_route=%2Fwp%2Fv2%2Fcomments&post=1037"}],"version-history":[{"count":176,"href":"https:\/\/humanidades.uprrp.edu\/filosofia\/index.php?rest_route=\/wp\/v2\/pages\/1037\/revisions"}],"predecessor-version":[{"id":1395,"href":"https:\/\/humanidades.uprrp.edu\/filosofia\/index.php?rest_route=\/wp\/v2\/pages\/1037\/revisions\/1395"}],"wp:attachment":[{"href":"https:\/\/humanidades.uprrp.edu\/filosofia\/index.php?rest_route=%2Fwp%2Fv2%2Fmedia&parent=1037"}],"curies":[{"name":"wp","href":"https:\/\/api.w.org\/{rel}","templated":true}]}}