{"id":135,"date":"2025-04-09T14:19:07","date_gmt":"2025-04-09T18:19:07","guid":{"rendered":"https:\/\/humanidades.uprrp.edu\/bellasartes\/?page_id=135"},"modified":"2025-04-09T14:19:10","modified_gmt":"2025-04-09T18:19:10","slug":"carlos-ruiz-valarino","status":"publish","type":"page","link":"https:\/\/humanidades.uprrp.edu\/bellasartes\/carlos-ruiz-valarino\/","title":{"rendered":"Carlos Ruiz-Valarino"},"content":{"rendered":"<div class=\"wp-block-image\">\n<figure class=\"alignleft size-medium\"><img fetchpriority=\"high\" decoding=\"async\" width=\"200\" height=\"300\" src=\"https:\/\/humanidades.uprrp.edu\/bellasartes\/wp-content\/uploads\/sites\/2\/2025\/04\/Valarino-200x300.png\" alt=\"\" class=\"wp-image-97\" srcset=\"https:\/\/humanidades.uprrp.edu\/bellasartes\/wp-content\/uploads\/sites\/2\/2025\/04\/Valarino-200x300.png 200w, https:\/\/humanidades.uprrp.edu\/bellasartes\/wp-content\/uploads\/sites\/2\/2025\/04\/Valarino-683x1024.png 683w, https:\/\/humanidades.uprrp.edu\/bellasartes\/wp-content\/uploads\/sites\/2\/2025\/04\/Valarino-768x1151.png 768w, https:\/\/humanidades.uprrp.edu\/bellasartes\/wp-content\/uploads\/sites\/2\/2025\/04\/Valarino-700x1049.png 700w, https:\/\/humanidades.uprrp.edu\/bellasartes\/wp-content\/uploads\/sites\/2\/2025\/04\/Valarino-332x498.png 332w, https:\/\/humanidades.uprrp.edu\/bellasartes\/wp-content\/uploads\/sites\/2\/2025\/04\/Valarino-600x899.png 600w, https:\/\/humanidades.uprrp.edu\/bellasartes\/wp-content\/uploads\/sites\/2\/2025\/04\/Valarino.png 834w\" sizes=\"(max-width: 200px) 100vw, 200px\" \/><\/figure>\n<\/div>\n\n\n<p><strong>Carlos Ruiz-Valarino<\/strong> (San Juan, Puerto Rico,1967)<br>Fotograf\u00eda<br><a href=\"mailto:carlos.ruiz10@upr.edu\">carlos.ruiz10@upr.edu<\/a><\/p>\n\n\n\n<p>Fot\u00f3grafo y acad\u00e9mico nacido en Puerto Rico. Su obra explora la naturaleza del medio fotogr\u00e1fico, reinterpretando los c\u00f3digos tradicionales de representaci\u00f3n visual y profundizando en las interacciones entre la luz, la arquitectura, el paisaje y las dimensiones existenciales y ontol\u00f3gicas de la imagen.<\/p>\n\n\n\n<p>Obtuvo una Maestr\u00eda en Bellas Artes con especializaci\u00f3n en Fotograf\u00eda en el prestigioso Rochester Institute of Technology en Nueva York. Actualmente es Catedr\u00e1tico Asociado en el Departamento de Bellas Artes de la Universidad de Puerto Rico, donde ha ejercido una notable carrera acad\u00e9mica formando nuevas generaciones de artistas y fot\u00f3grafos. Adem\u00e1s, ha ense\u00f1ado en diversas universidades tanto en Puerto Rico como en los Estados Unidos, ampliando su influencia educativa.<\/p>\n\n\n\n<p>A lo largo de su carrera art\u00edstica Ruiz-Valarino ha realizado varias exposiciones individuales, destac\u00e1ndose <em>Proyecto Paradiso: la isla interminable<\/em>, presentada en el Antiguo Arsenal de la Marina Espa\u00f1ola del Instituto de Cultura Puertorrique\u00f1a, y <em>Cityscape 2.0<\/em>, exhibida en la Francis Colburn Art Gallery en Vermont, Estados Unidos. Su obra ha sido seleccionada para participar en prestigiosas bienales internacionales, como la <em>Bienal de la Frontera<\/em> en M\u00e9xico, la <em>Bienal Internacional de Cuenca<\/em> en Ecuador, la <em>Bienal de Artes Gr\u00e1ficas<\/em> en Eslovenia, y la <em>Trienal Poli\/Gr\u00e1fica de San Juan: Am\u00e9rica Latina y el Caribe<\/em>.<\/p>\n\n\n\n<p>A lo largo de su trayectoria ha recibido m\u00faltiples reconocimientos, incluyendo el segundo premio en el Certamen de Fotograf\u00eda Contempor\u00e1nea UBS y una Beca para la Creaci\u00f3n Art\u00edstica otorgada por Lexus. Adem\u00e1s, ha sido becado en varias ocasiones por la Universidad de Puerto Rico para proyectos de investigaci\u00f3n art\u00edstica. Entre ellos destacan un proyecto fotogr\u00e1fico realizado en Alaska y su participaci\u00f3n en el programa <em>Scholar-in-Residence Summer Program<\/em> de la Universidad de Nueva York (NYU), donde desarroll\u00f3 proyectos fotogr\u00e1ficos y de video en la ciudad de Nueva York.<\/p>\n\n\n\n<p>Carlos Ruiz-Valarino ha cimentado su carrera en la capacidad de reinterpretar el medio fotogr\u00e1fico, indagando en las conexiones profundas entre el paisaje, la luz y la experiencia humana, siempre buscando trascender los l\u00edmites tradicionales de la fotograf\u00eda para proponer una reflexi\u00f3n existencial y cr\u00edtica sobre el espacio y la realidad.<\/p>\n\n\n\n<figure class=\"wp-block-gallery has-nested-images columns-default is-cropped wp-block-gallery-1 is-layout-flex wp-block-gallery-is-layout-flex\">\n<figure class=\"wp-block-image size-large\"><img decoding=\"async\" width=\"1024\" height=\"791\" data-id=\"136\" src=\"https:\/\/humanidades.uprrp.edu\/bellasartes\/wp-content\/uploads\/sites\/2\/2025\/04\/Los-museos.jpg\" alt=\"\" class=\"wp-image-136\" srcset=\"https:\/\/humanidades.uprrp.edu\/bellasartes\/wp-content\/uploads\/sites\/2\/2025\/04\/Los-museos.jpg 1024w, https:\/\/humanidades.uprrp.edu\/bellasartes\/wp-content\/uploads\/sites\/2\/2025\/04\/Los-museos-300x232.jpg 300w, https:\/\/humanidades.uprrp.edu\/bellasartes\/wp-content\/uploads\/sites\/2\/2025\/04\/Los-museos-768x593.jpg 768w, https:\/\/humanidades.uprrp.edu\/bellasartes\/wp-content\/uploads\/sites\/2\/2025\/04\/Los-museos-700x541.jpg 700w, https:\/\/humanidades.uprrp.edu\/bellasartes\/wp-content\/uploads\/sites\/2\/2025\/04\/Los-museos-332x256.jpg 332w, https:\/\/humanidades.uprrp.edu\/bellasartes\/wp-content\/uploads\/sites\/2\/2025\/04\/Los-museos-600x463.jpg 600w\" sizes=\"(max-width: 1024px) 100vw, 1024px\" \/><figcaption class=\"wp-element-caption\">\u00abLos Museos\u00bb<\/figcaption><\/figure>\n\n\n\n<figure class=\"wp-block-image size-large\"><img decoding=\"async\" width=\"1024\" height=\"498\" data-id=\"138\" src=\"https:\/\/humanidades.uprrp.edu\/bellasartes\/wp-content\/uploads\/sites\/2\/2025\/04\/Screenshot-2025-04-09-at-2.07.46\u202fPM-1024x498.png\" alt=\"\" class=\"wp-image-138\" srcset=\"https:\/\/humanidades.uprrp.edu\/bellasartes\/wp-content\/uploads\/sites\/2\/2025\/04\/Screenshot-2025-04-09-at-2.07.46\u202fPM-1024x498.png 1024w, https:\/\/humanidades.uprrp.edu\/bellasartes\/wp-content\/uploads\/sites\/2\/2025\/04\/Screenshot-2025-04-09-at-2.07.46\u202fPM-300x146.png 300w, https:\/\/humanidades.uprrp.edu\/bellasartes\/wp-content\/uploads\/sites\/2\/2025\/04\/Screenshot-2025-04-09-at-2.07.46\u202fPM-768x373.png 768w, https:\/\/humanidades.uprrp.edu\/bellasartes\/wp-content\/uploads\/sites\/2\/2025\/04\/Screenshot-2025-04-09-at-2.07.46\u202fPM-1536x746.png 1536w, https:\/\/humanidades.uprrp.edu\/bellasartes\/wp-content\/uploads\/sites\/2\/2025\/04\/Screenshot-2025-04-09-at-2.07.46\u202fPM-2048x995.png 2048w, https:\/\/humanidades.uprrp.edu\/bellasartes\/wp-content\/uploads\/sites\/2\/2025\/04\/Screenshot-2025-04-09-at-2.07.46\u202fPM-700x340.png 700w, https:\/\/humanidades.uprrp.edu\/bellasartes\/wp-content\/uploads\/sites\/2\/2025\/04\/Screenshot-2025-04-09-at-2.07.46\u202fPM-332x161.png 332w, https:\/\/humanidades.uprrp.edu\/bellasartes\/wp-content\/uploads\/sites\/2\/2025\/04\/Screenshot-2025-04-09-at-2.07.46\u202fPM-600x292.png 600w\" sizes=\"(max-width: 1024px) 100vw, 1024px\" \/><figcaption class=\"wp-element-caption\">\u00abLos Museos\u00bb<\/figcaption><\/figure>\n\n\n\n<figure class=\"wp-block-image size-large\"><img loading=\"lazy\" decoding=\"async\" width=\"1024\" height=\"837\" data-id=\"137\" src=\"https:\/\/humanidades.uprrp.edu\/bellasartes\/wp-content\/uploads\/sites\/2\/2025\/04\/Gris-sobre-amarillo.jpg\" alt=\"\" class=\"wp-image-137\" srcset=\"https:\/\/humanidades.uprrp.edu\/bellasartes\/wp-content\/uploads\/sites\/2\/2025\/04\/Gris-sobre-amarillo.jpg 1024w, https:\/\/humanidades.uprrp.edu\/bellasartes\/wp-content\/uploads\/sites\/2\/2025\/04\/Gris-sobre-amarillo-300x245.jpg 300w, https:\/\/humanidades.uprrp.edu\/bellasartes\/wp-content\/uploads\/sites\/2\/2025\/04\/Gris-sobre-amarillo-768x628.jpg 768w, https:\/\/humanidades.uprrp.edu\/bellasartes\/wp-content\/uploads\/sites\/2\/2025\/04\/Gris-sobre-amarillo-700x572.jpg 700w, https:\/\/humanidades.uprrp.edu\/bellasartes\/wp-content\/uploads\/sites\/2\/2025\/04\/Gris-sobre-amarillo-332x271.jpg 332w, https:\/\/humanidades.uprrp.edu\/bellasartes\/wp-content\/uploads\/sites\/2\/2025\/04\/Gris-sobre-amarillo-600x490.jpg 600w\" sizes=\"(max-width: 1024px) 100vw, 1024px\" \/><figcaption class=\"wp-element-caption\">\u00abGris sobre amarillo\u00bb<\/figcaption><\/figure>\n<\/figure>\n","protected":false},"excerpt":{"rendered":"<p>Carlos Ruiz-Valarino (San Juan, Puerto Rico,1967)Fotograf\u00edacarlos.ruiz10@upr.edu Fot\u00f3grafo y acad\u00e9mico nacido en Puerto Rico. Su obra explora la naturaleza del medio fotogr\u00e1fico, reinterpretando los c\u00f3digos tradicionales de representaci\u00f3n visual y profundizando en las interacciones entre la luz, la arquitectura, el paisaje y las dimensiones existenciales y ontol\u00f3gicas de la imagen. Obtuvo &#8230;<\/p>\n","protected":false},"author":2,"featured_media":0,"parent":0,"menu_order":0,"comment_status":"closed","ping_status":"closed","template":"","meta":{"_eb_attr":"","_monsterinsights_skip_tracking":false,"_monsterinsights_sitenote_active":false,"_monsterinsights_sitenote_note":"","_monsterinsights_sitenote_category":0,"footnotes":""},"class_list":["post-135","page","type-page","status-publish","hentry","column","twocol"],"_links":{"self":[{"href":"https:\/\/humanidades.uprrp.edu\/bellasartes\/wp-json\/wp\/v2\/pages\/135","targetHints":{"allow":["GET"]}}],"collection":[{"href":"https:\/\/humanidades.uprrp.edu\/bellasartes\/wp-json\/wp\/v2\/pages"}],"about":[{"href":"https:\/\/humanidades.uprrp.edu\/bellasartes\/wp-json\/wp\/v2\/types\/page"}],"author":[{"embeddable":true,"href":"https:\/\/humanidades.uprrp.edu\/bellasartes\/wp-json\/wp\/v2\/users\/2"}],"replies":[{"embeddable":true,"href":"https:\/\/humanidades.uprrp.edu\/bellasartes\/wp-json\/wp\/v2\/comments?post=135"}],"version-history":[{"count":1,"href":"https:\/\/humanidades.uprrp.edu\/bellasartes\/wp-json\/wp\/v2\/pages\/135\/revisions"}],"predecessor-version":[{"id":139,"href":"https:\/\/humanidades.uprrp.edu\/bellasartes\/wp-json\/wp\/v2\/pages\/135\/revisions\/139"}],"wp:attachment":[{"href":"https:\/\/humanidades.uprrp.edu\/bellasartes\/wp-json\/wp\/v2\/media?parent=135"}],"curies":[{"name":"wp","href":"https:\/\/api.w.org\/{rel}","templated":true}]}}